{"id":4223,"date":"2024-04-17T20:41:57","date_gmt":"2024-04-17T20:41:57","guid":{"rendered":"https:\/\/arsvitrea.pl\/?page_id=4223"},"modified":"2024-05-21T07:04:42","modified_gmt":"2024-05-21T07:04:42","slug":"wpisy-konferencje","status":"publish","type":"page","link":"https:\/\/arsvitrea.pl\/index.php\/wpisy-konferencje\/","title":{"rendered":"Konferencje"},"content":{"rendered":"\t\t<div data-elementor-type=\"wp-page\" data-elementor-id=\"4223\" class=\"elementor elementor-4223\" data-elementor-post-type=\"page\">\n\t\t\t\t<div class=\"elementor-element elementor-element-c441de9 e-con-full e-flex e-con e-parent\" data-id=\"c441de9\" data-element_type=\"container\" data-e-type=\"container\">\n\t\t\t\t<div class=\"elementor-element elementor-element-4737e2c elementor-grid-4 elementor-posts__hover-none elementor-grid-tablet-2 elementor-grid-mobile-1 elementor-posts--thumbnail-top elementor-card-shadow-yes elementor-widget elementor-widget-posts\" data-id=\"4737e2c\" data-element_type=\"widget\" data-e-type=\"widget\" data-settings=\"{&quot;cards_columns&quot;:&quot;4&quot;,&quot;cards_row_gap&quot;:{&quot;unit&quot;:&quot;px&quot;,&quot;size&quot;:7,&quot;sizes&quot;:[]},&quot;cards_columns_tablet&quot;:&quot;2&quot;,&quot;cards_columns_mobile&quot;:&quot;1&quot;,&quot;cards_row_gap_tablet&quot;:{&quot;unit&quot;:&quot;px&quot;,&quot;size&quot;:&quot;&quot;,&quot;sizes&quot;:[]},&quot;cards_row_gap_mobile&quot;:{&quot;unit&quot;:&quot;px&quot;,&quot;size&quot;:&quot;&quot;,&quot;sizes&quot;:[]},&quot;ekit_we_effect_on&quot;:&quot;none&quot;}\" data-widget_type=\"posts.cards\">\n\t\t\t\t<div class=\"elementor-widget-container\">\n\t\t\t\t\t\t\t<div class=\"elementor-posts-container elementor-posts elementor-posts--skin-cards elementor-grid\" role=\"list\">\n\t\t\t\t<article class=\"elementor-post elementor-grid-item post-5177 post type-post status-publish format-standard has-post-thumbnail hentry category-konferencje\" role=\"listitem\">\n\t\t\t<div class=\"elementor-post__card\">\n\t\t\t\t<a class=\"elementor-post__thumbnail__link\" href=\"https:\/\/arsvitrea.pl\/index.php\/2025\/12\/17\/akademia-2025-trzysta-marek-w-testamencie-chinski-smok-i-judasz\/\" tabindex=\"-1\" ><div class=\"elementor-post__thumbnail\"><img decoding=\"async\" width=\"218\" height=\"150\" src=\"https:\/\/arsvitrea.pl\/wp-content\/uploads\/2025\/12\/akademia-6.jpg\" class=\"attachment-medium size-medium wp-image-5170\" alt=\"\" \/><\/div><\/a>\n\t\t\t\t<div class=\"elementor-post__badge\">Konferencje<\/div>\n\t\t\t\t<div class=\"elementor-post__text\">\n\t\t\t\t<h4 class=\"elementor-post__title\">\n\t\t\t<a href=\"https:\/\/arsvitrea.pl\/index.php\/2025\/12\/17\/akademia-2025-trzysta-marek-w-testamencie-chinski-smok-i-judasz\/\" >\n\t\t\t\tAkademia 2025 \u2013 Trzysta marek w testamencie, chi\u0144ski smok i Judasz\u2026\t\t\t<\/a>\n\t\t<\/h4>\n\t\t\t\t<\/div>\n\t\t\t\t<div class=\"elementor-post__meta-data\">\n\t\t\t\t\t<span class=\"elementor-post-date\">\n\t\t\t2025-12-17\t\t<\/span>\n\t\t\t\t<\/div>\n\t\t\t\t\t<\/div>\n\t\t<\/article>\n\t\t\t\t<article class=\"elementor-post elementor-grid-item post-5168 post type-post status-publish format-standard has-post-thumbnail hentry category-konferencje\" role=\"listitem\">\n\t\t\t<div class=\"elementor-post__card\">\n\t\t\t\t<a class=\"elementor-post__thumbnail__link\" href=\"https:\/\/arsvitrea.pl\/index.php\/2025\/11\/17\/akademia-2025-niewidzialne-dziedzictwo-witraze-neogotyckie-warmii\/\" tabindex=\"-1\" ><div class=\"elementor-post__thumbnail\"><img decoding=\"async\" width=\"218\" height=\"150\" src=\"https:\/\/arsvitrea.pl\/wp-content\/uploads\/2025\/12\/akademia_5.jpg\" class=\"attachment-medium size-medium wp-image-5169\" alt=\"\" \/><\/div><\/a>\n\t\t\t\t<div class=\"elementor-post__badge\">Konferencje<\/div>\n\t\t\t\t<div class=\"elementor-post__text\">\n\t\t\t\t<h4 class=\"elementor-post__title\">\n\t\t\t<a href=\"https:\/\/arsvitrea.pl\/index.php\/2025\/11\/17\/akademia-2025-niewidzialne-dziedzictwo-witraze-neogotyckie-warmii\/\" >\n\t\t\t\tAkademia 2025 \u2013 Niewidzialne dziedzictwo. Witra\u017ce neogotyckie Warmii\t\t\t<\/a>\n\t\t<\/h4>\n\t\t\t\t<\/div>\n\t\t\t\t<div class=\"elementor-post__meta-data\">\n\t\t\t\t\t<span class=\"elementor-post-date\">\n\t\t\t2025-11-17\t\t<\/span>\n\t\t\t\t<\/div>\n\t\t\t\t\t<\/div>\n\t\t<\/article>\n\t\t\t\t<article class=\"elementor-post elementor-grid-item post-5156 post type-post status-publish format-standard has-post-thumbnail hentry category-konferencje\" role=\"listitem\">\n\t\t\t<div class=\"elementor-post__card\">\n\t\t\t\t<a class=\"elementor-post__thumbnail__link\" href=\"https:\/\/arsvitrea.pl\/index.php\/2025\/11\/07\/akademia-2025-witraze-herbowe-z-olsztyna\/\" tabindex=\"-1\" ><div class=\"elementor-post__thumbnail\"><img fetchpriority=\"high\" decoding=\"async\" width=\"300\" height=\"173\" src=\"https:\/\/arsvitrea.pl\/wp-content\/uploads\/2025\/12\/Zrzut-ekranu-2025-12-29-o-23.10.01-300x173.png\" class=\"attachment-medium size-medium wp-image-5160\" alt=\"\" srcset=\"https:\/\/arsvitrea.pl\/wp-content\/uploads\/2025\/12\/Zrzut-ekranu-2025-12-29-o-23.10.01-300x173.png 300w, https:\/\/arsvitrea.pl\/wp-content\/uploads\/2025\/12\/Zrzut-ekranu-2025-12-29-o-23.10.01-1024x590.png 1024w, https:\/\/arsvitrea.pl\/wp-content\/uploads\/2025\/12\/Zrzut-ekranu-2025-12-29-o-23.10.01-768x442.png 768w, https:\/\/arsvitrea.pl\/wp-content\/uploads\/2025\/12\/Zrzut-ekranu-2025-12-29-o-23.10.01-1536x885.png 1536w, https:\/\/arsvitrea.pl\/wp-content\/uploads\/2025\/12\/Zrzut-ekranu-2025-12-29-o-23.10.01.png 1608w\" sizes=\"(max-width: 300px) 100vw, 300px\" \/><\/div><\/a>\n\t\t\t\t<div class=\"elementor-post__badge\">Konferencje<\/div>\n\t\t\t\t<div class=\"elementor-post__text\">\n\t\t\t\t<h4 class=\"elementor-post__title\">\n\t\t\t<a href=\"https:\/\/arsvitrea.pl\/index.php\/2025\/11\/07\/akademia-2025-witraze-herbowe-z-olsztyna\/\" >\n\t\t\t\tAkademia 2025 \u2013 Witra\u017ce herbowe z Olsztyna\t\t\t<\/a>\n\t\t<\/h4>\n\t\t\t\t<\/div>\n\t\t\t\t<div class=\"elementor-post__meta-data\">\n\t\t\t\t\t<span class=\"elementor-post-date\">\n\t\t\t2025-11-07\t\t<\/span>\n\t\t\t\t<\/div>\n\t\t\t\t\t<\/div>\n\t\t<\/article>\n\t\t\t\t<article class=\"elementor-post elementor-grid-item post-5151 post type-post status-publish format-standard has-post-thumbnail hentry category-konferencje\" role=\"listitem\">\n\t\t\t<div class=\"elementor-post__card\">\n\t\t\t\t<a class=\"elementor-post__thumbnail__link\" href=\"https:\/\/arsvitrea.pl\/index.php\/2025\/10\/01\/narzedzia-sztucznej-inteligencji-w-warsztacie-konserwatora-zabytkow\/\" tabindex=\"-1\" ><div class=\"elementor-post__thumbnail\"><img loading=\"lazy\" decoding=\"async\" width=\"300\" height=\"192\" src=\"https:\/\/arsvitrea.pl\/wp-content\/uploads\/2025\/12\/Zrzut-ekranu-2025-12-29-o-23.00.45-300x192.png\" class=\"attachment-medium size-medium wp-image-5152\" alt=\"\" srcset=\"https:\/\/arsvitrea.pl\/wp-content\/uploads\/2025\/12\/Zrzut-ekranu-2025-12-29-o-23.00.45-300x192.png 300w, https:\/\/arsvitrea.pl\/wp-content\/uploads\/2025\/12\/Zrzut-ekranu-2025-12-29-o-23.00.45-1024x654.png 1024w, https:\/\/arsvitrea.pl\/wp-content\/uploads\/2025\/12\/Zrzut-ekranu-2025-12-29-o-23.00.45-768x490.png 768w, https:\/\/arsvitrea.pl\/wp-content\/uploads\/2025\/12\/Zrzut-ekranu-2025-12-29-o-23.00.45.png 1449w\" sizes=\"(max-width: 300px) 100vw, 300px\" \/><\/div><\/a>\n\t\t\t\t<div class=\"elementor-post__badge\">Konferencje<\/div>\n\t\t\t\t<div class=\"elementor-post__text\">\n\t\t\t\t<h4 class=\"elementor-post__title\">\n\t\t\t<a href=\"https:\/\/arsvitrea.pl\/index.php\/2025\/10\/01\/narzedzia-sztucznej-inteligencji-w-warsztacie-konserwatora-zabytkow\/\" >\n\t\t\t\tAkademia 2025 \u2013 Narz\u0119dzia sztucznej inteligencji w warsztacie konserwatora zabytk\u00f3w\t\t\t<\/a>\n\t\t<\/h4>\n\t\t\t\t<\/div>\n\t\t\t\t<div class=\"elementor-post__meta-data\">\n\t\t\t\t\t<span class=\"elementor-post-date\">\n\t\t\t2025-10-01\t\t<\/span>\n\t\t\t\t<\/div>\n\t\t\t\t\t<\/div>\n\t\t<\/article>\n\t\t\t\t<article class=\"elementor-post elementor-grid-item post-4312 post type-post status-publish format-standard has-post-thumbnail hentry category-konferencja2024 category-konferencje tag-ars-vitrea-polona tag-konferencja-naukowa tag-stowarzyszenie-milosnikow-witrazy tag-uniwersytet-mikolaja-kopernika\" role=\"listitem\">\n\t\t\t<div class=\"elementor-post__card\">\n\t\t\t\t<a class=\"elementor-post__thumbnail__link\" href=\"https:\/\/arsvitrea.pl\/index.php\/2024\/04\/07\/zaproszenie-na-konferencje-naukowa-witraze-wobec-zagrozen-i-wyzwan-xxi-wieku\/\" tabindex=\"-1\" ><div class=\"elementor-post__thumbnail\"><img loading=\"lazy\" decoding=\"async\" width=\"300\" height=\"199\" src=\"https:\/\/arsvitrea.pl\/wp-content\/uploads\/2024\/04\/Zrzut-ekranu-2024-04-26-o-13.05.34-300x199.jpg\" class=\"attachment-medium size-medium wp-image-4314\" alt=\"\" srcset=\"https:\/\/arsvitrea.pl\/wp-content\/uploads\/2024\/04\/Zrzut-ekranu-2024-04-26-o-13.05.34-300x199.jpg 300w, https:\/\/arsvitrea.pl\/wp-content\/uploads\/2024\/04\/Zrzut-ekranu-2024-04-26-o-13.05.34-768x509.jpg 768w, https:\/\/arsvitrea.pl\/wp-content\/uploads\/2024\/04\/Zrzut-ekranu-2024-04-26-o-13.05.34.jpg 999w\" sizes=\"(max-width: 300px) 100vw, 300px\" \/><\/div><\/a>\n\t\t\t\t<div class=\"elementor-post__badge\">Konferencja 2024<\/div>\n\t\t\t\t<div class=\"elementor-post__text\">\n\t\t\t\t<h4 class=\"elementor-post__title\">\n\t\t\t<a href=\"https:\/\/arsvitrea.pl\/index.php\/2024\/04\/07\/zaproszenie-na-konferencje-naukowa-witraze-wobec-zagrozen-i-wyzwan-xxi-wieku\/\" >\n\t\t\t\tZaproszenie na konferencj\u0119 naukow\u0105 &#8211; Witra\u017ce wobec zagro\u017ce\u0144 i wyzwa\u0144 XXI wieku.\t\t\t<\/a>\n\t\t<\/h4>\n\t\t\t\t<\/div>\n\t\t\t\t<div class=\"elementor-post__meta-data\">\n\t\t\t\t\t<span class=\"elementor-post-date\">\n\t\t\t2024-04-07\t\t<\/span>\n\t\t\t\t<\/div>\n\t\t\t\t\t<\/div>\n\t\t<\/article>\n\t\t\t\t<article class=\"elementor-post elementor-grid-item post-4055 post type-post status-publish format-standard has-post-thumbnail hentry category-konferencje category-ogloszenia tag-palac-schoena-w-sosnowcu\" role=\"listitem\">\n\t\t\t<div class=\"elementor-post__card\">\n\t\t\t\t<a class=\"elementor-post__thumbnail__link\" href=\"https:\/\/arsvitrea.pl\/index.php\/2023\/11\/15\/sesja-naukowa-24-11-2023-palac-schoena-w-sosnowcu\/\" tabindex=\"-1\" ><div class=\"elementor-post__thumbnail\"><img loading=\"lazy\" decoding=\"async\" width=\"300\" height=\"221\" src=\"https:\/\/arsvitrea.pl\/wp-content\/uploads\/2023\/11\/ZAPROSZENIE_SESJA-kopia-300x221.jpg\" class=\"attachment-medium size-medium wp-image-4059\" alt=\"\" srcset=\"https:\/\/arsvitrea.pl\/wp-content\/uploads\/2023\/11\/ZAPROSZENIE_SESJA-kopia-300x221.jpg 300w, https:\/\/arsvitrea.pl\/wp-content\/uploads\/2023\/11\/ZAPROSZENIE_SESJA-kopia.jpg 577w\" sizes=\"(max-width: 300px) 100vw, 300px\" \/><\/div><\/a>\n\t\t\t\t<div class=\"elementor-post__badge\">Konferencje<\/div>\n\t\t\t\t<div class=\"elementor-post__text\">\n\t\t\t\t<h4 class=\"elementor-post__title\">\n\t\t\t<a href=\"https:\/\/arsvitrea.pl\/index.php\/2023\/11\/15\/sesja-naukowa-24-11-2023-palac-schoena-w-sosnowcu\/\" >\n\t\t\t\tSesja naukowa. 24.11.2023 Pa\u0142ac Schoena w Sosnowcu\t\t\t<\/a>\n\t\t<\/h4>\n\t\t\t\t<\/div>\n\t\t\t\t<div class=\"elementor-post__meta-data\">\n\t\t\t\t\t<span class=\"elementor-post-date\">\n\t\t\t2023-11-15\t\t<\/span>\n\t\t\t\t<\/div>\n\t\t\t\t\t<\/div>\n\t\t<\/article>\n\t\t\t\t<article class=\"elementor-post elementor-grid-item post-3781 post type-post status-publish format-standard has-post-thumbnail hentry category-konferencje category-wystawy tag-lipsk tag-targi-konserwatorow\" role=\"listitem\">\n\t\t\t<div class=\"elementor-post__card\">\n\t\t\t\t<a class=\"elementor-post__thumbnail__link\" href=\"https:\/\/arsvitrea.pl\/index.php\/2022\/10\/20\/targi-konserwatorskie-lipsk-2022-11-24-26\/\" tabindex=\"-1\" ><div class=\"elementor-post__thumbnail\"><img loading=\"lazy\" decoding=\"async\" width=\"300\" height=\"197\" src=\"https:\/\/arsvitrea.pl\/wp-content\/uploads\/2022\/10\/Lipsk_Strona_1-kopia-300x197.jpg\" class=\"attachment-medium size-medium wp-image-3782\" alt=\"\" srcset=\"https:\/\/arsvitrea.pl\/wp-content\/uploads\/2022\/10\/Lipsk_Strona_1-kopia-300x197.jpg 300w, https:\/\/arsvitrea.pl\/wp-content\/uploads\/2022\/10\/Lipsk_Strona_1-kopia-1024x671.jpg 1024w, https:\/\/arsvitrea.pl\/wp-content\/uploads\/2022\/10\/Lipsk_Strona_1-kopia-768x503.jpg 768w, https:\/\/arsvitrea.pl\/wp-content\/uploads\/2022\/10\/Lipsk_Strona_1-kopia.jpg 1209w\" sizes=\"(max-width: 300px) 100vw, 300px\" \/><\/div><\/a>\n\t\t\t\t<div class=\"elementor-post__badge\">Konferencje<\/div>\n\t\t\t\t<div class=\"elementor-post__text\">\n\t\t\t\t<h4 class=\"elementor-post__title\">\n\t\t\t<a href=\"https:\/\/arsvitrea.pl\/index.php\/2022\/10\/20\/targi-konserwatorskie-lipsk-2022-11-24-26\/\" >\n\t\t\t\tTargi konserwatorskie &#8211; Lipsk 2022.11.24-26\t\t\t<\/a>\n\t\t<\/h4>\n\t\t\t\t<\/div>\n\t\t\t\t<div class=\"elementor-post__meta-data\">\n\t\t\t\t\t<span class=\"elementor-post-date\">\n\t\t\t2022-10-20\t\t<\/span>\n\t\t\t\t<\/div>\n\t\t\t\t\t<\/div>\n\t\t<\/article>\n\t\t\t\t<article class=\"elementor-post elementor-grid-item post-2739 post type-post status-publish format-standard has-post-thumbnail hentry category-konferencje\" role=\"listitem\">\n\t\t\t<div class=\"elementor-post__card\">\n\t\t\t\t<a class=\"elementor-post__thumbnail__link\" href=\"https:\/\/arsvitrea.pl\/index.php\/2022\/04\/17\/swieta-i-konferencja\/\" tabindex=\"-1\" ><div class=\"elementor-post__thumbnail\"><img loading=\"lazy\" decoding=\"async\" width=\"225\" height=\"300\" src=\"https:\/\/arsvitrea.pl\/wp-content\/uploads\/2013\/07\/photo-1416339212457-ef9ffadc2903-1-225x300.jpg\" class=\"attachment-medium size-medium wp-image-1028\" alt=\"\" srcset=\"https:\/\/arsvitrea.pl\/wp-content\/uploads\/2013\/07\/photo-1416339212457-ef9ffadc2903-1-225x300.jpg 225w, https:\/\/arsvitrea.pl\/wp-content\/uploads\/2013\/07\/photo-1416339212457-ef9ffadc2903-1-768x1024.jpg 768w, https:\/\/arsvitrea.pl\/wp-content\/uploads\/2013\/07\/photo-1416339212457-ef9ffadc2903-1.jpg 1050w\" sizes=\"(max-width: 225px) 100vw, 225px\" \/><\/div><\/a>\n\t\t\t\t<div class=\"elementor-post__badge\">Konferencje<\/div>\n\t\t\t\t<div class=\"elementor-post__text\">\n\t\t\t\t<h4 class=\"elementor-post__title\">\n\t\t\t<a href=\"https:\/\/arsvitrea.pl\/index.php\/2022\/04\/17\/swieta-i-konferencja\/\" >\n\t\t\t\t\u015awi\u0119ta i konferencja\t\t\t<\/a>\n\t\t<\/h4>\n\t\t\t\t<\/div>\n\t\t\t\t<div class=\"elementor-post__meta-data\">\n\t\t\t\t\t<span class=\"elementor-post-date\">\n\t\t\t2022-04-17\t\t<\/span>\n\t\t\t\t<\/div>\n\t\t\t\t\t<\/div>\n\t\t<\/article>\n\t\t\t\t<article class=\"elementor-post elementor-grid-item post-2678 post type-post status-publish format-standard has-post-thumbnail hentry category-konferencje\" role=\"listitem\">\n\t\t\t<div class=\"elementor-post__card\">\n\t\t\t\t<a class=\"elementor-post__thumbnail__link\" href=\"https:\/\/arsvitrea.pl\/index.php\/2022\/04\/13\/program-konferencji-smw-avp-lidzbark-warminski-2022\/\" tabindex=\"-1\" ><div class=\"elementor-post__thumbnail\"><img loading=\"lazy\" decoding=\"async\" width=\"296\" height=\"300\" src=\"https:\/\/arsvitrea.pl\/wp-content\/uploads\/2022\/04\/Zrzut-ekranu-2022-04-13-o-12.24.40-e1649845616777-296x300.jpg\" class=\"attachment-medium size-medium wp-image-2679\" alt=\"\" srcset=\"https:\/\/arsvitrea.pl\/wp-content\/uploads\/2022\/04\/Zrzut-ekranu-2022-04-13-o-12.24.40-e1649845616777-296x300.jpg 296w, https:\/\/arsvitrea.pl\/wp-content\/uploads\/2022\/04\/Zrzut-ekranu-2022-04-13-o-12.24.40-e1649845616777.jpg 548w\" sizes=\"(max-width: 296px) 100vw, 296px\" \/><\/div><\/a>\n\t\t\t\t<div class=\"elementor-post__badge\">Konferencje<\/div>\n\t\t\t\t<div class=\"elementor-post__text\">\n\t\t\t\t<h4 class=\"elementor-post__title\">\n\t\t\t<a href=\"https:\/\/arsvitrea.pl\/index.php\/2022\/04\/13\/program-konferencji-smw-avp-lidzbark-warminski-2022\/\" >\n\t\t\t\tProgram konferencji SMW AVP &#8211; Lidzbark Warmi\u0144ski 2022\t\t\t<\/a>\n\t\t<\/h4>\n\t\t\t\t<\/div>\n\t\t\t\t<div class=\"elementor-post__meta-data\">\n\t\t\t\t\t<span class=\"elementor-post-date\">\n\t\t\t2022-04-13\t\t<\/span>\n\t\t\t\t<\/div>\n\t\t\t\t\t<\/div>\n\t\t<\/article>\n\t\t\t\t<article class=\"elementor-post elementor-grid-item post-2518 post type-post status-publish format-standard has-post-thumbnail hentry category-konferencje tag-wycieczka-witrazowa\" role=\"listitem\">\n\t\t\t<div class=\"elementor-post__card\">\n\t\t\t\t<a class=\"elementor-post__thumbnail__link\" href=\"https:\/\/arsvitrea.pl\/index.php\/2022\/04\/06\/xi-konferencja-plan-wycieczki-2022-05-28\/\" tabindex=\"-1\" ><div class=\"elementor-post__thumbnail\"><img loading=\"lazy\" decoding=\"async\" width=\"300\" height=\"225\" src=\"https:\/\/arsvitrea.pl\/wp-content\/uploads\/2022\/04\/egatur-300x225.jpeg\" class=\"attachment-medium size-medium wp-image-2520\" alt=\"\" srcset=\"https:\/\/arsvitrea.pl\/wp-content\/uploads\/2022\/04\/egatur-300x225.jpeg 300w, https:\/\/arsvitrea.pl\/wp-content\/uploads\/2022\/04\/egatur-768x576.jpeg 768w, https:\/\/arsvitrea.pl\/wp-content\/uploads\/2022\/04\/egatur.jpeg 900w\" sizes=\"(max-width: 300px) 100vw, 300px\" \/><\/div><\/a>\n\t\t\t\t<div class=\"elementor-post__badge\">Konferencje<\/div>\n\t\t\t\t<div class=\"elementor-post__text\">\n\t\t\t\t<h4 class=\"elementor-post__title\">\n\t\t\t<a href=\"https:\/\/arsvitrea.pl\/index.php\/2022\/04\/06\/xi-konferencja-plan-wycieczki-2022-05-28\/\" >\n\t\t\t\tXI konferencja &#8211; plan wycieczki 2022.05.28\t\t\t<\/a>\n\t\t<\/h4>\n\t\t\t\t<\/div>\n\t\t\t\t<div class=\"elementor-post__meta-data\">\n\t\t\t\t\t<span class=\"elementor-post-date\">\n\t\t\t2022-04-06\t\t<\/span>\n\t\t\t\t<\/div>\n\t\t\t\t\t<\/div>\n\t\t<\/article>\n\t\t\t\t<article class=\"elementor-post elementor-grid-item post-2513 post type-post status-publish format-standard has-post-thumbnail hentry category-konferencje category-ogloszenia\" role=\"listitem\">\n\t\t\t<div class=\"elementor-post__card\">\n\t\t\t\t<a class=\"elementor-post__thumbnail__link\" href=\"https:\/\/arsvitrea.pl\/index.php\/2022\/03\/30\/baza-noclegowa-lidzbark-warminski-propozycje\/\" tabindex=\"-1\" ><div class=\"elementor-post__thumbnail\"><img loading=\"lazy\" decoding=\"async\" width=\"300\" height=\"188\" src=\"https:\/\/arsvitrea.pl\/wp-content\/uploads\/2013\/07\/tumblr_myp99avE2U1st5lhmo1_1280-1-300x188.jpg\" class=\"attachment-medium size-medium wp-image-972\" alt=\"\" srcset=\"https:\/\/arsvitrea.pl\/wp-content\/uploads\/2013\/07\/tumblr_myp99avE2U1st5lhmo1_1280-1-300x188.jpg 300w, https:\/\/arsvitrea.pl\/wp-content\/uploads\/2013\/07\/tumblr_myp99avE2U1st5lhmo1_1280-1-1024x640.jpg 1024w, https:\/\/arsvitrea.pl\/wp-content\/uploads\/2013\/07\/tumblr_myp99avE2U1st5lhmo1_1280-1-768x480.jpg 768w, https:\/\/arsvitrea.pl\/wp-content\/uploads\/2013\/07\/tumblr_myp99avE2U1st5lhmo1_1280-1.jpg 1280w\" sizes=\"(max-width: 300px) 100vw, 300px\" \/><\/div><\/a>\n\t\t\t\t<div class=\"elementor-post__badge\">Konferencje<\/div>\n\t\t\t\t<div class=\"elementor-post__text\">\n\t\t\t\t<h4 class=\"elementor-post__title\">\n\t\t\t<a href=\"https:\/\/arsvitrea.pl\/index.php\/2022\/03\/30\/baza-noclegowa-lidzbark-warminski-propozycje\/\" >\n\t\t\t\tBaza noclegowa Lidzbark Warmi\u0144ski \u2013 propozycje\t\t\t<\/a>\n\t\t<\/h4>\n\t\t\t\t<\/div>\n\t\t\t\t<div class=\"elementor-post__meta-data\">\n\t\t\t\t\t<span class=\"elementor-post-date\">\n\t\t\t2022-03-30\t\t<\/span>\n\t\t\t\t<\/div>\n\t\t\t\t\t<\/div>\n\t\t<\/article>\n\t\t\t\t<article class=\"elementor-post elementor-grid-item post-2076 post type-post status-publish format-standard has-post-thumbnail hentry category-konferencje tag-konferencja-avp\" role=\"listitem\">\n\t\t\t<div class=\"elementor-post__card\">\n\t\t\t\t<a class=\"elementor-post__thumbnail__link\" href=\"https:\/\/arsvitrea.pl\/index.php\/2021\/09\/16\/xi-konferencja-avp-27-29-maja-2022-r-lidzbark-warminski\/\" tabindex=\"-1\" ><div class=\"elementor-post__thumbnail\"><img loading=\"lazy\" decoding=\"async\" width=\"295\" height=\"300\" src=\"https:\/\/arsvitrea.pl\/wp-content\/uploads\/2021\/09\/Zrzut-ekranu-2021-09-16-o-13.11.05-295x300.jpg\" class=\"attachment-medium size-medium wp-image-2074\" alt=\"\" srcset=\"https:\/\/arsvitrea.pl\/wp-content\/uploads\/2021\/09\/Zrzut-ekranu-2021-09-16-o-13.11.05-295x300.jpg 295w, https:\/\/arsvitrea.pl\/wp-content\/uploads\/2021\/09\/Zrzut-ekranu-2021-09-16-o-13.11.05.jpg 697w\" sizes=\"(max-width: 295px) 100vw, 295px\" \/><\/div><\/a>\n\t\t\t\t<div class=\"elementor-post__badge\">Konferencje<\/div>\n\t\t\t\t<div class=\"elementor-post__text\">\n\t\t\t\t<h4 class=\"elementor-post__title\">\n\t\t\t<a href=\"https:\/\/arsvitrea.pl\/index.php\/2021\/09\/16\/xi-konferencja-avp-27-29-maja-2022-r-lidzbark-warminski\/\" >\n\t\t\t\tXI konferencja AVP 27 &#8211; 29 maja 2022 r. &#8211; Lidzbark Warmi\u0144ski\t\t\t<\/a>\n\t\t<\/h4>\n\t\t\t\t<\/div>\n\t\t\t\t<div class=\"elementor-post__meta-data\">\n\t\t\t\t\t<span class=\"elementor-post-date\">\n\t\t\t2021-09-16\t\t<\/span>\n\t\t\t\t<\/div>\n\t\t\t\t\t<\/div>\n\t\t<\/article>\n\t\t\t\t<article class=\"elementor-post elementor-grid-item post-2009 post type-post status-publish format-standard has-post-thumbnail hentry category-konferencje tag-ars-vitrea-polona tag-konferencja-naukowa\" role=\"listitem\">\n\t\t\t<div class=\"elementor-post__card\">\n\t\t\t\t<a class=\"elementor-post__thumbnail__link\" href=\"https:\/\/arsvitrea.pl\/index.php\/2021\/06\/09\/xi-konferencja-naukowa-stowarzyszenia-milosnikow-witrazy-w-lidzbarku-warminskim\/\" tabindex=\"-1\" ><div class=\"elementor-post__thumbnail\"><img loading=\"lazy\" decoding=\"async\" width=\"300\" height=\"238\" src=\"https:\/\/arsvitrea.pl\/wp-content\/uploads\/2020\/02\/muzeum-lidzbark-300x238.jpg\" class=\"attachment-medium size-medium wp-image-1531\" alt=\"\" srcset=\"https:\/\/arsvitrea.pl\/wp-content\/uploads\/2020\/02\/muzeum-lidzbark-300x238.jpg 300w, https:\/\/arsvitrea.pl\/wp-content\/uploads\/2020\/02\/muzeum-lidzbark.jpg 512w\" sizes=\"(max-width: 300px) 100vw, 300px\" \/><\/div><\/a>\n\t\t\t\t<div class=\"elementor-post__badge\">Konferencje<\/div>\n\t\t\t\t<div class=\"elementor-post__text\">\n\t\t\t\t<h4 class=\"elementor-post__title\">\n\t\t\t<a href=\"https:\/\/arsvitrea.pl\/index.php\/2021\/06\/09\/xi-konferencja-naukowa-stowarzyszenia-milosnikow-witrazy-w-lidzbarku-warminskim\/\" >\n\t\t\t\tXI konferencja naukowa Stowarzyszenia Mi\u0142o\u015bnik\u00f3w Witra\u017cy w Lidzbarku Warmi\u0144skim\t\t\t<\/a>\n\t\t<\/h4>\n\t\t\t\t<\/div>\n\t\t\t\t<div class=\"elementor-post__meta-data\">\n\t\t\t\t\t<span class=\"elementor-post-date\">\n\t\t\t2021-06-09\t\t<\/span>\n\t\t\t\t<\/div>\n\t\t\t\t\t<\/div>\n\t\t<\/article>\n\t\t\t\t<article class=\"elementor-post elementor-grid-item post-1619 post type-post status-publish format-standard has-post-thumbnail hentry category-konferencje category-opracowania-naukowe\" role=\"listitem\">\n\t\t\t<div class=\"elementor-post__card\">\n\t\t\t\t<a class=\"elementor-post__thumbnail__link\" href=\"https:\/\/arsvitrea.pl\/index.php\/2021\/02\/24\/witraze-sztuka-wciaz-odkrywana-2\/\" tabindex=\"-1\" ><div class=\"elementor-post__thumbnail\"><img loading=\"lazy\" decoding=\"async\" width=\"211\" height=\"300\" src=\"https:\/\/arsvitrea.pl\/wp-content\/uploads\/2021\/02\/Witraze-sztuka-wciaz-odkrywana-1-211x300.jpeg\" class=\"attachment-medium size-medium wp-image-1609\" alt=\"\" srcset=\"https:\/\/arsvitrea.pl\/wp-content\/uploads\/2021\/02\/Witraze-sztuka-wciaz-odkrywana-1-211x300.jpeg 211w, https:\/\/arsvitrea.pl\/wp-content\/uploads\/2021\/02\/Witraze-sztuka-wciaz-odkrywana-1-721x1024.jpeg 721w, https:\/\/arsvitrea.pl\/wp-content\/uploads\/2021\/02\/Witraze-sztuka-wciaz-odkrywana-1-768x1091.jpeg 768w, https:\/\/arsvitrea.pl\/wp-content\/uploads\/2021\/02\/Witraze-sztuka-wciaz-odkrywana-1-1081x1536.jpeg 1081w, https:\/\/arsvitrea.pl\/wp-content\/uploads\/2021\/02\/Witraze-sztuka-wciaz-odkrywana-1.jpeg 1144w\" sizes=\"(max-width: 211px) 100vw, 211px\" \/><\/div><\/a>\n\t\t\t\t<div class=\"elementor-post__badge\">Konferencje<\/div>\n\t\t\t\t<div class=\"elementor-post__text\">\n\t\t\t\t<h4 class=\"elementor-post__title\">\n\t\t\t<a href=\"https:\/\/arsvitrea.pl\/index.php\/2021\/02\/24\/witraze-sztuka-wciaz-odkrywana-2\/\" >\n\t\t\t\tWitra\u017ce &#8211; sztuka wci\u0105\u017c odkrywana  &#8211; 59,90\t\t\t<\/a>\n\t\t<\/h4>\n\t\t\t\t<\/div>\n\t\t\t\t<div class=\"elementor-post__meta-data\">\n\t\t\t\t\t<span class=\"elementor-post-date\">\n\t\t\t2021-02-24\t\t<\/span>\n\t\t\t\t<\/div>\n\t\t\t\t\t<\/div>\n\t\t<\/article>\n\t\t\t\t<article class=\"elementor-post elementor-grid-item post-1608 post type-post status-publish format-standard has-post-thumbnail hentry category-konferencje tag-ars-vitrea-polona tag-konferencja-legionowo\" role=\"listitem\">\n\t\t\t<div class=\"elementor-post__card\">\n\t\t\t\t<a class=\"elementor-post__thumbnail__link\" href=\"https:\/\/arsvitrea.pl\/index.php\/2021\/02\/05\/witraze-sztuka-wciaz-odkrywana\/\" tabindex=\"-1\" ><div class=\"elementor-post__thumbnail\"><img loading=\"lazy\" decoding=\"async\" width=\"211\" height=\"300\" src=\"https:\/\/arsvitrea.pl\/wp-content\/uploads\/2021\/02\/Witraze-sztuka-wciaz-odkrywana-1-211x300.jpeg\" class=\"attachment-medium size-medium wp-image-1609\" alt=\"\" srcset=\"https:\/\/arsvitrea.pl\/wp-content\/uploads\/2021\/02\/Witraze-sztuka-wciaz-odkrywana-1-211x300.jpeg 211w, https:\/\/arsvitrea.pl\/wp-content\/uploads\/2021\/02\/Witraze-sztuka-wciaz-odkrywana-1-721x1024.jpeg 721w, https:\/\/arsvitrea.pl\/wp-content\/uploads\/2021\/02\/Witraze-sztuka-wciaz-odkrywana-1-768x1091.jpeg 768w, https:\/\/arsvitrea.pl\/wp-content\/uploads\/2021\/02\/Witraze-sztuka-wciaz-odkrywana-1-1081x1536.jpeg 1081w, https:\/\/arsvitrea.pl\/wp-content\/uploads\/2021\/02\/Witraze-sztuka-wciaz-odkrywana-1.jpeg 1144w\" sizes=\"(max-width: 211px) 100vw, 211px\" \/><\/div><\/a>\n\t\t\t\t<div class=\"elementor-post__badge\">Konferencje<\/div>\n\t\t\t\t<div class=\"elementor-post__text\">\n\t\t\t\t<h4 class=\"elementor-post__title\">\n\t\t\t<a href=\"https:\/\/arsvitrea.pl\/index.php\/2021\/02\/05\/witraze-sztuka-wciaz-odkrywana\/\" >\n\t\t\t\tWitra\u017ce &#8211; sztuka wci\u0105\u017c odkrywana\t\t\t<\/a>\n\t\t<\/h4>\n\t\t\t\t<\/div>\n\t\t\t\t<div class=\"elementor-post__meta-data\">\n\t\t\t\t\t<span class=\"elementor-post-date\">\n\t\t\t2021-02-05\t\t<\/span>\n\t\t\t\t<\/div>\n\t\t\t\t\t<\/div>\n\t\t<\/article>\n\t\t\t\t<article class=\"elementor-post elementor-grid-item post-1539 post type-post status-publish format-standard has-post-thumbnail hentry category-konferencje\" role=\"listitem\">\n\t\t\t<div class=\"elementor-post__card\">\n\t\t\t\t<a class=\"elementor-post__thumbnail__link\" href=\"https:\/\/arsvitrea.pl\/index.php\/2020\/03\/24\/koronawirus-rodzina-polska-i-stowarzyszenie-avp\/\" tabindex=\"-1\" ><div class=\"elementor-post__thumbnail\"><img loading=\"lazy\" decoding=\"async\" width=\"300\" height=\"169\" src=\"https:\/\/arsvitrea.pl\/wp-content\/uploads\/2020\/03\/epidemia-kopia-300x169.jpg\" class=\"attachment-medium size-medium wp-image-1541\" alt=\"\" srcset=\"https:\/\/arsvitrea.pl\/wp-content\/uploads\/2020\/03\/epidemia-kopia-300x169.jpg 300w, https:\/\/arsvitrea.pl\/wp-content\/uploads\/2020\/03\/epidemia-kopia.jpg 500w\" sizes=\"(max-width: 300px) 100vw, 300px\" \/><\/div><\/a>\n\t\t\t\t<div class=\"elementor-post__badge\">Konferencje<\/div>\n\t\t\t\t<div class=\"elementor-post__text\">\n\t\t\t\t<h4 class=\"elementor-post__title\">\n\t\t\t<a href=\"https:\/\/arsvitrea.pl\/index.php\/2020\/03\/24\/koronawirus-rodzina-polska-i-stowarzyszenie-avp\/\" >\n\t\t\t\tKoronawirus &#8211; Rodzina, Polska i Stowarzyszenie AVP\t\t\t<\/a>\n\t\t<\/h4>\n\t\t\t\t<\/div>\n\t\t\t\t<div class=\"elementor-post__meta-data\">\n\t\t\t\t\t<span class=\"elementor-post-date\">\n\t\t\t2020-03-24\t\t<\/span>\n\t\t\t\t<\/div>\n\t\t\t\t\t<\/div>\n\t\t<\/article>\n\t\t\t\t<article class=\"elementor-post elementor-grid-item post-1530 post type-post status-publish format-standard has-post-thumbnail hentry category-konferencje tag-konferencja-naukowa tag-konferencja-witraz tag-lidzbark-warminski tag-witraz\" role=\"listitem\">\n\t\t\t<div class=\"elementor-post__card\">\n\t\t\t\t<a class=\"elementor-post__thumbnail__link\" href=\"https:\/\/arsvitrea.pl\/index.php\/2020\/02\/28\/zaproszenie-xi-konferencja-naukowa-avp-w-lidzbarku-warminskim\/\" tabindex=\"-1\" ><div class=\"elementor-post__thumbnail\"><img loading=\"lazy\" decoding=\"async\" width=\"300\" height=\"238\" src=\"https:\/\/arsvitrea.pl\/wp-content\/uploads\/2020\/02\/muzeum-lidzbark-300x238.jpg\" class=\"attachment-medium size-medium wp-image-1531\" alt=\"\" srcset=\"https:\/\/arsvitrea.pl\/wp-content\/uploads\/2020\/02\/muzeum-lidzbark-300x238.jpg 300w, https:\/\/arsvitrea.pl\/wp-content\/uploads\/2020\/02\/muzeum-lidzbark.jpg 512w\" sizes=\"(max-width: 300px) 100vw, 300px\" \/><\/div><\/a>\n\t\t\t\t<div class=\"elementor-post__badge\">Konferencje<\/div>\n\t\t\t\t<div class=\"elementor-post__text\">\n\t\t\t\t<h4 class=\"elementor-post__title\">\n\t\t\t<a href=\"https:\/\/arsvitrea.pl\/index.php\/2020\/02\/28\/zaproszenie-xi-konferencja-naukowa-avp-w-lidzbarku-warminskim\/\" >\n\t\t\t\tZaproszenie do Lidzbarka Warmi\u0144skiego na XI konferencj\u0119 naukow\u0105 AVP\t\t\t<\/a>\n\t\t<\/h4>\n\t\t\t\t<\/div>\n\t\t\t\t<div class=\"elementor-post__meta-data\">\n\t\t\t\t\t<span class=\"elementor-post-date\">\n\t\t\t2020-02-28\t\t<\/span>\n\t\t\t\t<\/div>\n\t\t\t\t\t<\/div>\n\t\t<\/article>\n\t\t\t\t<article class=\"elementor-post elementor-grid-item post-1481 post type-post status-publish format-standard has-post-thumbnail hentry category-konferencje tag-konferencja tag-malarstwo-monumentalne tag-sympozjum tag-uniwersytet-rzeszowski\" role=\"listitem\">\n\t\t\t<div class=\"elementor-post__card\">\n\t\t\t\t<a class=\"elementor-post__thumbnail__link\" href=\"https:\/\/arsvitrea.pl\/index.php\/2018\/10\/10\/vi-ogolnopolskie-sympozjum-naukowe-sztuka-sakralna-xix-i-xx-w-rzeszow-2018\/\" tabindex=\"-1\" ><div class=\"elementor-post__thumbnail\"><img loading=\"lazy\" decoding=\"async\" width=\"300\" height=\"137\" src=\"https:\/\/arsvitrea.pl\/wp-content\/uploads\/2018\/10\/Zrzut-ekranu-2018-10-17-o-18.24.18-300x137.png\" class=\"attachment-medium size-medium wp-image-1484\" alt=\"\" srcset=\"https:\/\/arsvitrea.pl\/wp-content\/uploads\/2018\/10\/Zrzut-ekranu-2018-10-17-o-18.24.18-300x137.png 300w, https:\/\/arsvitrea.pl\/wp-content\/uploads\/2018\/10\/Zrzut-ekranu-2018-10-17-o-18.24.18.png 368w\" sizes=\"(max-width: 300px) 100vw, 300px\" \/><\/div><\/a>\n\t\t\t\t<div class=\"elementor-post__badge\">Konferencje<\/div>\n\t\t\t\t<div class=\"elementor-post__text\">\n\t\t\t\t<h4 class=\"elementor-post__title\">\n\t\t\t<a href=\"https:\/\/arsvitrea.pl\/index.php\/2018\/10\/10\/vi-ogolnopolskie-sympozjum-naukowe-sztuka-sakralna-xix-i-xx-w-rzeszow-2018\/\" >\n\t\t\t\tVI Og\u00f3lnopolskie Sympozjum Naukowe &#8211; Sztuka sakralna XIX i XX w. &#8211; Rzesz\u00f3w 2018\t\t\t<\/a>\n\t\t<\/h4>\n\t\t\t\t<\/div>\n\t\t\t\t<div class=\"elementor-post__meta-data\">\n\t\t\t\t\t<span class=\"elementor-post-date\">\n\t\t\t2018-10-10\t\t<\/span>\n\t\t\t\t<\/div>\n\t\t\t\t\t<\/div>\n\t\t<\/article>\n\t\t\t\t<article class=\"elementor-post elementor-grid-item post-4646 post type-post status-publish format-standard has-post-thumbnail hentry category-konferencje category-wycieczki tag-kaplica-guzow tag-kaplica-palacowa-sw-feliksa-de-valois-w-guzowie tag-kaplica-sw-feliksa tag-louis-charles-marie-champigneulle tag-parafia-guzow\" role=\"listitem\">\n\t\t\t<div class=\"elementor-post__card\">\n\t\t\t\t<a class=\"elementor-post__thumbnail__link\" href=\"https:\/\/arsvitrea.pl\/index.php\/2018\/06\/06\/wycieczka-witraze-kaplicy-palacowej-sw-feliksa-de-valois-w-guzowie\/\" tabindex=\"-1\" ><div class=\"elementor-post__thumbnail\"><img loading=\"lazy\" decoding=\"async\" width=\"300\" height=\"208\" src=\"https:\/\/arsvitrea.pl\/wp-content\/uploads\/2024\/08\/DSC_9970-1-copy-300x208.jpeg\" class=\"attachment-medium size-medium wp-image-4661\" alt=\"\" srcset=\"https:\/\/arsvitrea.pl\/wp-content\/uploads\/2024\/08\/DSC_9970-1-copy-300x208.jpeg 300w, https:\/\/arsvitrea.pl\/wp-content\/uploads\/2024\/08\/DSC_9970-1-copy.jpeg 380w\" sizes=\"(max-width: 300px) 100vw, 300px\" \/><\/div><\/a>\n\t\t\t\t<div class=\"elementor-post__badge\">Konferencje<\/div>\n\t\t\t\t<div class=\"elementor-post__text\">\n\t\t\t\t<h4 class=\"elementor-post__title\">\n\t\t\t<a href=\"https:\/\/arsvitrea.pl\/index.php\/2018\/06\/06\/wycieczka-witraze-kaplicy-palacowej-sw-feliksa-de-valois-w-guzowie\/\" >\n\t\t\t\tWycieczka &#8211; witra\u017ce kaplicy pa\u0142acowej \u015bw. Feliksa de Valois w Guzowie\t\t\t<\/a>\n\t\t<\/h4>\n\t\t\t\t<\/div>\n\t\t\t\t<div class=\"elementor-post__meta-data\">\n\t\t\t\t\t<span class=\"elementor-post-date\">\n\t\t\t2018-06-06\t\t<\/span>\n\t\t\t\t<\/div>\n\t\t\t\t\t<\/div>\n\t\t<\/article>\n\t\t\t\t<article class=\"elementor-post elementor-grid-item post-1458 post type-post status-publish format-standard has-post-thumbnail hentry category-konferencje category-wycieczki category-wystawy\" role=\"listitem\">\n\t\t\t<div class=\"elementor-post__card\">\n\t\t\t\t<a class=\"elementor-post__thumbnail__link\" href=\"https:\/\/arsvitrea.pl\/index.php\/2018\/05\/28\/x-konferencja-stowarzyszenia-milosnikow-witrazy-legionowo-2018-zakonczona\/\" tabindex=\"-1\" ><div class=\"elementor-post__thumbnail\"><img loading=\"lazy\" decoding=\"async\" width=\"300\" height=\"232\" src=\"https:\/\/arsvitrea.pl\/wp-content\/uploads\/2018\/05\/ksiadz-ryszard-knapinski-300x232.jpg\" class=\"attachment-medium size-medium wp-image-1460\" alt=\"\" srcset=\"https:\/\/arsvitrea.pl\/wp-content\/uploads\/2018\/05\/ksiadz-ryszard-knapinski-300x232.jpg 300w, https:\/\/arsvitrea.pl\/wp-content\/uploads\/2018\/05\/ksiadz-ryszard-knapinski-768x593.jpg 768w, https:\/\/arsvitrea.pl\/wp-content\/uploads\/2018\/05\/ksiadz-ryszard-knapinski.jpg 1000w\" sizes=\"(max-width: 300px) 100vw, 300px\" \/><\/div><\/a>\n\t\t\t\t<div class=\"elementor-post__badge\">Konferencje<\/div>\n\t\t\t\t<div class=\"elementor-post__text\">\n\t\t\t\t<h4 class=\"elementor-post__title\">\n\t\t\t<a href=\"https:\/\/arsvitrea.pl\/index.php\/2018\/05\/28\/x-konferencja-stowarzyszenia-milosnikow-witrazy-legionowo-2018-zakonczona\/\" >\n\t\t\t\tX konferencja Stowarzyszenia Mi\u0142o\u015bnik\u00f3w Witra\u017cy &#8211; Legionowo 2018 &#8211; zako\u0144czona\t\t\t<\/a>\n\t\t<\/h4>\n\t\t\t\t<\/div>\n\t\t\t\t<div class=\"elementor-post__meta-data\">\n\t\t\t\t\t<span class=\"elementor-post-date\">\n\t\t\t2018-05-28\t\t<\/span>\n\t\t\t\t<\/div>\n\t\t\t\t\t<\/div>\n\t\t<\/article>\n\t\t\t\t<article class=\"elementor-post elementor-grid-item post-1448 post type-post status-publish format-standard has-post-thumbnail hentry category-konferencje tag-program-konferencji\" role=\"listitem\">\n\t\t\t<div class=\"elementor-post__card\">\n\t\t\t\t<a class=\"elementor-post__thumbnail__link\" href=\"https:\/\/arsvitrea.pl\/index.php\/2018\/05\/22\/informacje-zebrane-x-konferencja-avp-legionowo-2018\/\" tabindex=\"-1\" ><div class=\"elementor-post__thumbnail\"><img loading=\"lazy\" decoding=\"async\" width=\"187\" height=\"300\" src=\"https:\/\/arsvitrea.pl\/wp-content\/uploads\/2018\/05\/irysy_gotowe-min-187x300.jpg\" class=\"attachment-medium size-medium wp-image-1451\" alt=\"\" srcset=\"https:\/\/arsvitrea.pl\/wp-content\/uploads\/2018\/05\/irysy_gotowe-min-187x300.jpg 187w, https:\/\/arsvitrea.pl\/wp-content\/uploads\/2018\/05\/irysy_gotowe-min.jpg 526w\" sizes=\"(max-width: 187px) 100vw, 187px\" \/><\/div><\/a>\n\t\t\t\t<div class=\"elementor-post__badge\">Konferencje<\/div>\n\t\t\t\t<div class=\"elementor-post__text\">\n\t\t\t\t<h4 class=\"elementor-post__title\">\n\t\t\t<a href=\"https:\/\/arsvitrea.pl\/index.php\/2018\/05\/22\/informacje-zebrane-x-konferencja-avp-legionowo-2018\/\" >\n\t\t\t\tInformacje zebrane &#8211; X konferencja AVP Legionowo 2018\t\t\t<\/a>\n\t\t<\/h4>\n\t\t\t\t<\/div>\n\t\t\t\t<div class=\"elementor-post__meta-data\">\n\t\t\t\t\t<span class=\"elementor-post-date\">\n\t\t\t2018-05-22\t\t<\/span>\n\t\t\t\t<\/div>\n\t\t\t\t\t<\/div>\n\t\t<\/article>\n\t\t\t\t<article class=\"elementor-post elementor-grid-item post-1445 post type-post status-publish format-standard has-post-thumbnail hentry category-konferencje category-wycieczki\" role=\"listitem\">\n\t\t\t<div class=\"elementor-post__card\">\n\t\t\t\t<a class=\"elementor-post__thumbnail__link\" href=\"https:\/\/arsvitrea.pl\/index.php\/2018\/05\/20\/program-x-konferencji-naukowej-ars-vitrea-polona-legionowo-2018-r\/\" tabindex=\"-1\" ><div class=\"elementor-post__thumbnail\"><img loading=\"lazy\" decoding=\"async\" width=\"219\" height=\"211\" src=\"https:\/\/arsvitrea.pl\/wp-content\/uploads\/2018\/05\/grafika-konferencja-min.png\" class=\"attachment-medium size-medium wp-image-1446\" alt=\"\" \/><\/div><\/a>\n\t\t\t\t<div class=\"elementor-post__badge\">Konferencje<\/div>\n\t\t\t\t<div class=\"elementor-post__text\">\n\t\t\t\t<h4 class=\"elementor-post__title\">\n\t\t\t<a href=\"https:\/\/arsvitrea.pl\/index.php\/2018\/05\/20\/program-x-konferencji-naukowej-ars-vitrea-polona-legionowo-2018-r\/\" >\n\t\t\t\tProgram X Konferencji Naukowej Ars Vitrea Polona &#8211; Legionowo 2018 r.\t\t\t<\/a>\n\t\t<\/h4>\n\t\t\t\t<\/div>\n\t\t\t\t<div class=\"elementor-post__meta-data\">\n\t\t\t\t\t<span class=\"elementor-post-date\">\n\t\t\t2018-05-20\t\t<\/span>\n\t\t\t\t<\/div>\n\t\t\t\t\t<\/div>\n\t\t<\/article>\n\t\t\t\t<article class=\"elementor-post elementor-grid-item post-1433 post type-post status-publish format-standard has-post-thumbnail hentry category-konferencje category-publikacje tag-ksiazka-avp tag-publikacja-avp\" role=\"listitem\">\n\t\t\t<div class=\"elementor-post__card\">\n\t\t\t\t<a class=\"elementor-post__thumbnail__link\" href=\"https:\/\/arsvitrea.pl\/index.php\/2018\/02\/03\/ksiazka-witraze-dziedzictwo-cenne-niechciane\/\" tabindex=\"-1\" ><div class=\"elementor-post__thumbnail\"><img loading=\"lazy\" decoding=\"async\" width=\"203\" height=\"300\" src=\"https:\/\/arsvitrea.pl\/wp-content\/uploads\/2018\/02\/publikacja-9-konferencja-1-203x300.jpeg\" class=\"attachment-medium size-medium wp-image-1434\" alt=\"\" srcset=\"https:\/\/arsvitrea.pl\/wp-content\/uploads\/2018\/02\/publikacja-9-konferencja-1-203x300.jpeg 203w, https:\/\/arsvitrea.pl\/wp-content\/uploads\/2018\/02\/publikacja-9-konferencja-1.jpeg 676w\" sizes=\"(max-width: 203px) 100vw, 203px\" \/><\/div><\/a>\n\t\t\t\t<div class=\"elementor-post__badge\">Konferencje<\/div>\n\t\t\t\t<div class=\"elementor-post__text\">\n\t\t\t\t<h4 class=\"elementor-post__title\">\n\t\t\t<a href=\"https:\/\/arsvitrea.pl\/index.php\/2018\/02\/03\/ksiazka-witraze-dziedzictwo-cenne-niechciane\/\" >\n\t\t\t\tKsi\u0105\u017cka &#8211; Witra\u017ce &#8211; dziedzictwo cenne czy niechciane?\t\t\t<\/a>\n\t\t<\/h4>\n\t\t\t\t<\/div>\n\t\t\t\t<div class=\"elementor-post__meta-data\">\n\t\t\t\t\t<span class=\"elementor-post-date\">\n\t\t\t2018-02-03\t\t<\/span>\n\t\t\t\t<\/div>\n\t\t\t\t\t<\/div>\n\t\t<\/article>\n\t\t\t\t<article class=\"elementor-post elementor-grid-item post-1426 post type-post status-publish format-standard has-post-thumbnail hentry category-konferencje category-ogloszenia category-wystawy tag-ars-vitrea-polona tag-konferencja-naukowa tag-legionowo tag-stowarzyszenie-milosnikow-witrazy tag-witraz tag-wystawa-witrazy\" role=\"listitem\">\n\t\t\t<div class=\"elementor-post__card\">\n\t\t\t\t<a class=\"elementor-post__thumbnail__link\" href=\"https:\/\/arsvitrea.pl\/index.php\/2018\/01\/23\/x-konferencja-naukowa-ars-vitrea-polona-legionowo-2018\/\" tabindex=\"-1\" ><div class=\"elementor-post__thumbnail\"><img loading=\"lazy\" decoding=\"async\" width=\"300\" height=\"285\" src=\"https:\/\/arsvitrea.pl\/wp-content\/uploads\/2018\/01\/kaplica-cmentarna-300x285.jpg\" class=\"attachment-medium size-medium wp-image-1427\" alt=\"\" srcset=\"https:\/\/arsvitrea.pl\/wp-content\/uploads\/2018\/01\/kaplica-cmentarna-300x285.jpg 300w, https:\/\/arsvitrea.pl\/wp-content\/uploads\/2018\/01\/kaplica-cmentarna-768x730.jpg 768w, https:\/\/arsvitrea.pl\/wp-content\/uploads\/2018\/01\/kaplica-cmentarna.jpg 1000w\" sizes=\"(max-width: 300px) 100vw, 300px\" \/><\/div><\/a>\n\t\t\t\t<div class=\"elementor-post__badge\">Konferencje<\/div>\n\t\t\t\t<div class=\"elementor-post__text\">\n\t\t\t\t<h4 class=\"elementor-post__title\">\n\t\t\t<a href=\"https:\/\/arsvitrea.pl\/index.php\/2018\/01\/23\/x-konferencja-naukowa-ars-vitrea-polona-legionowo-2018\/\" >\n\t\t\t\tX Konferencja Naukowa Ars Vitrea Polona &#8211; Legionowo 2018\t\t\t<\/a>\n\t\t<\/h4>\n\t\t\t\t<\/div>\n\t\t\t\t<div class=\"elementor-post__meta-data\">\n\t\t\t\t\t<span class=\"elementor-post-date\">\n\t\t\t2018-01-23\t\t<\/span>\n\t\t\t\t<\/div>\n\t\t\t\t\t<\/div>\n\t\t<\/article>\n\t\t\t\t<article class=\"elementor-post elementor-grid-item post-1377 post type-post status-publish format-standard has-post-thumbnail hentry category-konferencje\" role=\"listitem\">\n\t\t\t<div class=\"elementor-post__card\">\n\t\t\t\t<a class=\"elementor-post__thumbnail__link\" href=\"https:\/\/arsvitrea.pl\/index.php\/2017\/04\/17\/seminarium-witraze-pomorzu-zachodnim-sztuka-witrazowa-1945-roku\/\" tabindex=\"-1\" ><div class=\"elementor-post__thumbnail\"><img loading=\"lazy\" decoding=\"async\" width=\"300\" height=\"175\" src=\"https:\/\/arsvitrea.pl\/wp-content\/uploads\/2017\/04\/witraze-na-pomorzu-zachodnim-min-300x175.png\" class=\"attachment-medium size-medium wp-image-1381\" alt=\"\" srcset=\"https:\/\/arsvitrea.pl\/wp-content\/uploads\/2017\/04\/witraze-na-pomorzu-zachodnim-min-300x175.png 300w, https:\/\/arsvitrea.pl\/wp-content\/uploads\/2017\/04\/witraze-na-pomorzu-zachodnim-min.png 567w\" sizes=\"(max-width: 300px) 100vw, 300px\" \/><\/div><\/a>\n\t\t\t\t<div class=\"elementor-post__badge\">Konferencje<\/div>\n\t\t\t\t<div class=\"elementor-post__text\">\n\t\t\t\t<h4 class=\"elementor-post__title\">\n\t\t\t<a href=\"https:\/\/arsvitrea.pl\/index.php\/2017\/04\/17\/seminarium-witraze-pomorzu-zachodnim-sztuka-witrazowa-1945-roku\/\" >\n\t\t\t\tSeminarium &#8211; Witra\u017ce na Pomorzu Zachodnim. Sztuka witra\u017cowa do 1945 roku\t\t\t<\/a>\n\t\t<\/h4>\n\t\t\t\t<\/div>\n\t\t\t\t<div class=\"elementor-post__meta-data\">\n\t\t\t\t\t<span class=\"elementor-post-date\">\n\t\t\t2017-04-17\t\t<\/span>\n\t\t\t\t<\/div>\n\t\t\t\t\t<\/div>\n\t\t<\/article>\n\t\t\t\t<article class=\"elementor-post elementor-grid-item post-1296 post type-post status-publish format-standard has-post-thumbnail hentry category-konferencje tag-konferencja-naukowa tag-legionowo\" role=\"listitem\">\n\t\t\t<div class=\"elementor-post__card\">\n\t\t\t\t<a class=\"elementor-post__thumbnail__link\" href=\"https:\/\/arsvitrea.pl\/index.php\/2016\/12\/23\/x-sesja-naukowa-legionowo-2018-r\/\" tabindex=\"-1\" ><div class=\"elementor-post__thumbnail\"><img loading=\"lazy\" decoding=\"async\" width=\"300\" height=\"169\" src=\"https:\/\/arsvitrea.pl\/wp-content\/uploads\/2016\/12\/dworzec-kolejowy-legionowo-300x169.jpg\" class=\"attachment-medium size-medium wp-image-1305\" alt=\"\" srcset=\"https:\/\/arsvitrea.pl\/wp-content\/uploads\/2016\/12\/dworzec-kolejowy-legionowo-300x169.jpg 300w, https:\/\/arsvitrea.pl\/wp-content\/uploads\/2016\/12\/dworzec-kolejowy-legionowo-768x432.jpg 768w, https:\/\/arsvitrea.pl\/wp-content\/uploads\/2016\/12\/dworzec-kolejowy-legionowo.jpg 960w\" sizes=\"(max-width: 300px) 100vw, 300px\" \/><\/div><\/a>\n\t\t\t\t<div class=\"elementor-post__badge\">Konferencje<\/div>\n\t\t\t\t<div class=\"elementor-post__text\">\n\t\t\t\t<h4 class=\"elementor-post__title\">\n\t\t\t<a href=\"https:\/\/arsvitrea.pl\/index.php\/2016\/12\/23\/x-sesja-naukowa-legionowo-2018-r\/\" >\n\t\t\t\tX sesja naukowa \u2013 Legionowo 2018 r. &#8211; wkr\u00f3tce\t\t\t<\/a>\n\t\t<\/h4>\n\t\t\t\t<\/div>\n\t\t\t\t<div class=\"elementor-post__meta-data\">\n\t\t\t\t\t<span class=\"elementor-post-date\">\n\t\t\t2016-12-23\t\t<\/span>\n\t\t\t\t<\/div>\n\t\t\t\t\t<\/div>\n\t\t<\/article>\n\t\t\t\t<article class=\"elementor-post elementor-grid-item post-1291 post type-post status-publish format-standard has-post-thumbnail hentry category-konferencje\" role=\"listitem\">\n\t\t\t<div class=\"elementor-post__card\">\n\t\t\t\t<a class=\"elementor-post__thumbnail__link\" href=\"https:\/\/arsvitrea.pl\/index.php\/2015\/11\/23\/ix-sesja-naukowa-lublin-2015-r\/\" tabindex=\"-1\" ><div class=\"elementor-post__thumbnail\"><img loading=\"lazy\" decoding=\"async\" width=\"300\" height=\"211\" src=\"https:\/\/arsvitrea.pl\/wp-content\/uploads\/2016\/12\/konferencja-lublin-ars-vitrea-polona-300x211.png\" class=\"attachment-medium size-medium wp-image-1292\" alt=\"\" srcset=\"https:\/\/arsvitrea.pl\/wp-content\/uploads\/2016\/12\/konferencja-lublin-ars-vitrea-polona-300x211.png 300w, https:\/\/arsvitrea.pl\/wp-content\/uploads\/2016\/12\/konferencja-lublin-ars-vitrea-polona.png 616w\" sizes=\"(max-width: 300px) 100vw, 300px\" \/><\/div><\/a>\n\t\t\t\t<div class=\"elementor-post__badge\">Konferencje<\/div>\n\t\t\t\t<div class=\"elementor-post__text\">\n\t\t\t\t<h4 class=\"elementor-post__title\">\n\t\t\t<a href=\"https:\/\/arsvitrea.pl\/index.php\/2015\/11\/23\/ix-sesja-naukowa-lublin-2015-r\/\" >\n\t\t\t\tIX sesja naukowa \u2013 Lublin 2015 r.\t\t\t<\/a>\n\t\t<\/h4>\n\t\t\t\t<\/div>\n\t\t\t\t<div class=\"elementor-post__meta-data\">\n\t\t\t\t\t<span class=\"elementor-post-date\">\n\t\t\t2015-11-23\t\t<\/span>\n\t\t\t\t<\/div>\n\t\t\t\t\t<\/div>\n\t\t<\/article>\n\t\t\t\t<article class=\"elementor-post elementor-grid-item post-1288 post type-post status-publish format-standard has-post-thumbnail hentry category-konferencje\" role=\"listitem\">\n\t\t\t<div class=\"elementor-post__card\">\n\t\t\t\t<a class=\"elementor-post__thumbnail__link\" href=\"https:\/\/arsvitrea.pl\/index.php\/2013\/12\/23\/viii-sesja-naukowa-katowice-2013-r\/\" tabindex=\"-1\" ><div class=\"elementor-post__thumbnail\"><img loading=\"lazy\" decoding=\"async\" width=\"300\" height=\"168\" src=\"https:\/\/arsvitrea.pl\/wp-content\/uploads\/2016\/12\/konferencja-ars-vitrea-polona-katowice-2013-300x168.png\" class=\"attachment-medium size-medium wp-image-1289\" alt=\"\" srcset=\"https:\/\/arsvitrea.pl\/wp-content\/uploads\/2016\/12\/konferencja-ars-vitrea-polona-katowice-2013-300x168.png 300w, https:\/\/arsvitrea.pl\/wp-content\/uploads\/2016\/12\/konferencja-ars-vitrea-polona-katowice-2013-768x430.png 768w, https:\/\/arsvitrea.pl\/wp-content\/uploads\/2016\/12\/konferencja-ars-vitrea-polona-katowice-2013.png 992w\" sizes=\"(max-width: 300px) 100vw, 300px\" \/><\/div><\/a>\n\t\t\t\t<div class=\"elementor-post__badge\">Konferencje<\/div>\n\t\t\t\t<div class=\"elementor-post__text\">\n\t\t\t\t<h4 class=\"elementor-post__title\">\n\t\t\t<a href=\"https:\/\/arsvitrea.pl\/index.php\/2013\/12\/23\/viii-sesja-naukowa-katowice-2013-r\/\" >\n\t\t\t\tVIII sesja naukowa \u2013 Katowice 2013 r.\t\t\t<\/a>\n\t\t<\/h4>\n\t\t\t\t<\/div>\n\t\t\t\t<div class=\"elementor-post__meta-data\">\n\t\t\t\t\t<span class=\"elementor-post-date\">\n\t\t\t2013-12-23\t\t<\/span>\n\t\t\t\t<\/div>\n\t\t\t\t\t<\/div>\n\t\t<\/article>\n\t\t\t\t<article class=\"elementor-post elementor-grid-item post-1199 post type-post status-publish format-standard has-post-thumbnail hentry category-konferencje\" role=\"listitem\">\n\t\t\t<div class=\"elementor-post__card\">\n\t\t\t\t<a class=\"elementor-post__thumbnail__link\" href=\"https:\/\/arsvitrea.pl\/index.php\/2011\/10\/08\/vii-sesja-naukowa-rzeszow-2011-r\/\" tabindex=\"-1\" ><div class=\"elementor-post__thumbnail\"><img loading=\"lazy\" decoding=\"async\" width=\"258\" height=\"208\" src=\"https:\/\/arsvitrea.pl\/wp-content\/uploads\/2011\/10\/konferencja-rzeszow-2011.png\" class=\"attachment-medium size-medium wp-image-1249\" alt=\"\" \/><\/div><\/a>\n\t\t\t\t<div class=\"elementor-post__badge\">Konferencje<\/div>\n\t\t\t\t<div class=\"elementor-post__text\">\n\t\t\t\t<h4 class=\"elementor-post__title\">\n\t\t\t<a href=\"https:\/\/arsvitrea.pl\/index.php\/2011\/10\/08\/vii-sesja-naukowa-rzeszow-2011-r\/\" >\n\t\t\t\tVII sesja naukowa &#8211; Rzesz\u00f3w 2011 r.\t\t\t<\/a>\n\t\t<\/h4>\n\t\t\t\t<\/div>\n\t\t\t\t<div class=\"elementor-post__meta-data\">\n\t\t\t\t\t<span class=\"elementor-post-date\">\n\t\t\t2011-10-08\t\t<\/span>\n\t\t\t\t<\/div>\n\t\t\t\t\t<\/div>\n\t\t<\/article>\n\t\t\t\t<article class=\"elementor-post elementor-grid-item post-1197 post type-post status-publish format-standard has-post-thumbnail hentry category-konferencje\" role=\"listitem\">\n\t\t\t<div class=\"elementor-post__card\">\n\t\t\t\t<a class=\"elementor-post__thumbnail__link\" href=\"https:\/\/arsvitrea.pl\/index.php\/2009\/05\/13\/vi-sesja-naukowa-lodz-2009-r\/\" tabindex=\"-1\" ><div class=\"elementor-post__thumbnail\"><img loading=\"lazy\" decoding=\"async\" width=\"300\" height=\"222\" src=\"https:\/\/arsvitrea.pl\/wp-content\/uploads\/2009\/05\/konferencja-lodz-300x222.png\" class=\"attachment-medium size-medium wp-image-1254\" alt=\"\" srcset=\"https:\/\/arsvitrea.pl\/wp-content\/uploads\/2009\/05\/konferencja-lodz-300x222.png 300w, https:\/\/arsvitrea.pl\/wp-content\/uploads\/2009\/05\/konferencja-lodz-1024x757.png 1024w, https:\/\/arsvitrea.pl\/wp-content\/uploads\/2009\/05\/konferencja-lodz-768x568.png 768w, https:\/\/arsvitrea.pl\/wp-content\/uploads\/2009\/05\/konferencja-lodz.png 1104w\" sizes=\"(max-width: 300px) 100vw, 300px\" \/><\/div><\/a>\n\t\t\t\t<div class=\"elementor-post__badge\">Konferencje<\/div>\n\t\t\t\t<div class=\"elementor-post__text\">\n\t\t\t\t<h4 class=\"elementor-post__title\">\n\t\t\t<a href=\"https:\/\/arsvitrea.pl\/index.php\/2009\/05\/13\/vi-sesja-naukowa-lodz-2009-r\/\" >\n\t\t\t\tVI sesja naukowa &#8211; \u0141\u00f3d\u017a 2009 r.\t\t\t<\/a>\n\t\t<\/h4>\n\t\t\t\t<\/div>\n\t\t\t\t<div class=\"elementor-post__meta-data\">\n\t\t\t\t\t<span class=\"elementor-post-date\">\n\t\t\t2009-05-13\t\t<\/span>\n\t\t\t\t<\/div>\n\t\t\t\t\t<\/div>\n\t\t<\/article>\n\t\t\t\t<article class=\"elementor-post elementor-grid-item post-1195 post type-post status-publish format-standard has-post-thumbnail hentry category-konferencje\" role=\"listitem\">\n\t\t\t<div class=\"elementor-post__card\">\n\t\t\t\t<a class=\"elementor-post__thumbnail__link\" href=\"https:\/\/arsvitrea.pl\/index.php\/2007\/05\/12\/v-sesja-naukowa-krakow-2007-r\/\" tabindex=\"-1\" ><div class=\"elementor-post__thumbnail\"><img loading=\"lazy\" decoding=\"async\" width=\"279\" height=\"300\" src=\"https:\/\/arsvitrea.pl\/wp-content\/uploads\/2007\/05\/konferencja-krakow-279x300.png\" class=\"attachment-medium size-medium wp-image-1256\" alt=\"\" srcset=\"https:\/\/arsvitrea.pl\/wp-content\/uploads\/2007\/05\/konferencja-krakow-279x300.png 279w, https:\/\/arsvitrea.pl\/wp-content\/uploads\/2007\/05\/konferencja-krakow.png 296w\" sizes=\"(max-width: 279px) 100vw, 279px\" \/><\/div><\/a>\n\t\t\t\t<div class=\"elementor-post__badge\">Konferencje<\/div>\n\t\t\t\t<div class=\"elementor-post__text\">\n\t\t\t\t<h4 class=\"elementor-post__title\">\n\t\t\t<a href=\"https:\/\/arsvitrea.pl\/index.php\/2007\/05\/12\/v-sesja-naukowa-krakow-2007-r\/\" >\n\t\t\t\tV sesja naukowa &#8211; Krak\u00f3w 2007 r.\t\t\t<\/a>\n\t\t<\/h4>\n\t\t\t\t<\/div>\n\t\t\t\t<div class=\"elementor-post__meta-data\">\n\t\t\t\t\t<span class=\"elementor-post-date\">\n\t\t\t2007-05-12\t\t<\/span>\n\t\t\t\t<\/div>\n\t\t\t\t\t<\/div>\n\t\t<\/article>\n\t\t\t\t<article class=\"elementor-post elementor-grid-item post-1193 post type-post status-publish format-standard has-post-thumbnail hentry category-konferencje\" role=\"listitem\">\n\t\t\t<div class=\"elementor-post__card\">\n\t\t\t\t<a class=\"elementor-post__thumbnail__link\" href=\"https:\/\/arsvitrea.pl\/index.php\/2005\/10\/21\/iv-sesja-naukowa-malbork-2005-r\/\" tabindex=\"-1\" ><div class=\"elementor-post__thumbnail\"><img loading=\"lazy\" decoding=\"async\" width=\"300\" height=\"276\" src=\"https:\/\/arsvitrea.pl\/wp-content\/uploads\/2005\/10\/konferencja-malbork-300x276.png\" class=\"attachment-medium size-medium wp-image-1257\" alt=\"\" srcset=\"https:\/\/arsvitrea.pl\/wp-content\/uploads\/2005\/10\/konferencja-malbork-300x276.png 300w, https:\/\/arsvitrea.pl\/wp-content\/uploads\/2005\/10\/konferencja-malbork.png 455w\" sizes=\"(max-width: 300px) 100vw, 300px\" \/><\/div><\/a>\n\t\t\t\t<div class=\"elementor-post__badge\">Konferencje<\/div>\n\t\t\t\t<div class=\"elementor-post__text\">\n\t\t\t\t<h4 class=\"elementor-post__title\">\n\t\t\t<a href=\"https:\/\/arsvitrea.pl\/index.php\/2005\/10\/21\/iv-sesja-naukowa-malbork-2005-r\/\" >\n\t\t\t\tIV sesja naukowa &#8211; Malbork 2005 r.\t\t\t<\/a>\n\t\t<\/h4>\n\t\t\t\t<\/div>\n\t\t\t\t<div class=\"elementor-post__meta-data\">\n\t\t\t\t\t<span class=\"elementor-post-date\">\n\t\t\t2005-10-21\t\t<\/span>\n\t\t\t\t<\/div>\n\t\t\t\t\t<\/div>\n\t\t<\/article>\n\t\t\t\t<\/div>\n\t\t\n\t\t\t\t\t\t<\/div>\n\t\t\t\t<\/div>\n\t\t\t\t<\/div>\n\t\t\t\t<\/div>\n\t\t","protected":false},"excerpt":{"rendered":"","protected":false},"author":1,"featured_media":0,"parent":0,"menu_order":0,"comment_status":"closed","ping_status":"closed","template":"","meta":{"footnotes":""},"class_list":["post-4223","page","type-page","status-publish","hentry"],"_links":{"self":[{"href":"https:\/\/arsvitrea.pl\/index.php\/wp-json\/wp\/v2\/pages\/4223","targetHints":{"allow":["GET"]}}],"collection":[{"href":"https:\/\/arsvitrea.pl\/index.php\/wp-json\/wp\/v2\/pages"}],"about":[{"href":"https:\/\/arsvitrea.pl\/index.php\/wp-json\/wp\/v2\/types\/page"}],"author":[{"embeddable":true,"href":"https:\/\/arsvitrea.pl\/index.php\/wp-json\/wp\/v2\/users\/1"}],"replies":[{"embeddable":true,"href":"https:\/\/arsvitrea.pl\/index.php\/wp-json\/wp\/v2\/comments?post=4223"}],"version-history":[{"count":7,"href":"https:\/\/arsvitrea.pl\/index.php\/wp-json\/wp\/v2\/pages\/4223\/revisions"}],"predecessor-version":[{"id":4525,"href":"https:\/\/arsvitrea.pl\/index.php\/wp-json\/wp\/v2\/pages\/4223\/revisions\/4525"}],"wp:attachment":[{"href":"https:\/\/arsvitrea.pl\/index.php\/wp-json\/wp\/v2\/media?parent=4223"}],"curies":[{"name":"wp","href":"https:\/\/api.w.org\/{rel}","templated":true}]}}