{"id":2726,"date":"2022-02-16T15:53:40","date_gmt":"2022-02-16T14:53:40","guid":{"rendered":"https:\/\/www.stowarzyszenie-witrazy.pl\/?page_id=2726"},"modified":"2024-05-21T07:48:12","modified_gmt":"2024-05-21T07:48:12","slug":"regulamin-xii-konferencji","status":"publish","type":"page","link":"https:\/\/arsvitrea.pl\/index.php\/regulamin-xii-konferencji\/","title":{"rendered":"REGULAMIN UCZESTNICTWA w XII Konferencji Naukowej Stowarzyszenia Mi\u0142o\u015bnik\u00f3w Witra\u017cy  Ars Vitrea Polona  Toru\u0144 2024"},"content":{"rendered":"\t\t<div data-elementor-type=\"wp-page\" data-elementor-id=\"2726\" class=\"elementor elementor-2726\" data-elementor-post-type=\"page\">\n\t\t\t\t<div class=\"elementor-element elementor-element-29ac58c9 e-con-full e-flex e-con e-parent\" data-id=\"29ac58c9\" data-element_type=\"container\" data-e-type=\"container\">\n\t\t\t\t<div class=\"elementor-element elementor-element-74abc53b elementor-widget elementor-widget-text-editor\" data-id=\"74abc53b\" data-element_type=\"widget\" data-e-type=\"widget\" data-settings=\"{&quot;ekit_we_effect_on&quot;:&quot;none&quot;}\" data-widget_type=\"text-editor.default\">\n\t\t\t\t<div class=\"elementor-widget-container\">\n\t\t\t\t\t\t\t\t\t<p><img fetchpriority=\"high\" decoding=\"async\" class=\"alignnone size-full wp-image-1524\" src=\"http:\/\/arsvitrea.pl\/wp-content\/uploads\/2020\/02\/naglowek-dokumentow-sepia.jpg\" alt=\"\" width=\"1170\" height=\"225\" srcset=\"https:\/\/arsvitrea.pl\/wp-content\/uploads\/2020\/02\/naglowek-dokumentow-sepia.jpg 1170w, https:\/\/arsvitrea.pl\/wp-content\/uploads\/2020\/02\/naglowek-dokumentow-sepia-300x58.jpg 300w, https:\/\/arsvitrea.pl\/wp-content\/uploads\/2020\/02\/naglowek-dokumentow-sepia-1024x197.jpg 1024w, https:\/\/arsvitrea.pl\/wp-content\/uploads\/2020\/02\/naglowek-dokumentow-sepia-768x148.jpg 768w\" sizes=\"(max-width: 1170px) 100vw, 1170px\" \/><\/p><p style=\"text-align: right;\">Krak\u00f3w, dn. 11 lutego 2024 r.<\/p><h2 style=\"text-align: center;\"><strong>REGULAMIN UCZESTNICTWA<\/strong><\/h2><h2 style=\"text-align: center;\"><strong>w XII Konferencji Naukowej Stowarzyszenia Mi\u0142o\u015bnik\u00f3w Witra\u017cy<br \/>Ars Vitrea Polona <\/strong><\/h2><h2 style=\"text-align: center;\"><strong>\u201eWitra\u017ce wobec zagro\u017ce\u0144 i wyzwa\u0144 XXI wieku.\u201d<br \/>TORU\u0143 18-20 PA\u0179DZIERNIKA 2024<\/strong><\/h2><h3 style=\"text-align: center;\"><strong>\u00a7 1 POSTANOWIENIA OG\u00d3LNE<\/strong><\/h3><ol><li>Organizatorem i koordynatorem XII Konferencji Naukowej Stowarzyszenia Mi\u0142o\u015bnik\u00f3w Witra\u017cy Ars Vitrea Polona \u201eWitra\u017ce wobec zagro\u017ce\u0144 i wyzwa\u0144 XXI wieku\u201d (dalej Konferencja Naukowa) jest Stowarzyszenie Mi\u0142o\u015bnik\u00f3w Witra\u017cy Ars Vitrea Polona (dalej AVP).<\/li><li>Uczestnikiem wydarzenia mo\u017ce by\u0107 osoba fizyczna, w szczeg\u00f3lno\u015bci student, doktorant, pracownik naukowy, przedstawiciel firmy lub administracji publicznej, kt\u00f3ry spe\u0142ni \u0142\u0105cznie wszystkie elementy zawarte w \u00a72 pkt 1.<\/li><li>Przepisy niniejszego Regulaminu stanowi\u0105 integraln\u0105 cz\u0119\u015b\u0107 zg\u0142oszenia uczestnictwa na Konferencj\u0119 Naukow\u0105 i obowi\u0105zuj\u0105 wszystkich Uczestnik\u00f3w.<\/li><li>Przes\u0142anie zg\u0142oszenia do Organizatora jest r\u00f3wnoznaczne z zaakceptowaniem przez Uczestnika niniejszego Regulaminu oraz jest form\u0105 zawarcia zobowi\u0105za\u0144 pomi\u0119dzy<\/li><li>Organizator zastrzega sobie prawo do zmiany postanowie\u0144 regulaminu i zobowi\u0105\u017ce si\u0119 do niezw\u0142ocznego poinformowania o tym fakcie Uczestnik\u00f3w za po\u015brednictwem poczty<\/li><\/ol><h3 style=\"text-align: center;\"><strong>\u00a7 2 WARUNKI UCZESTNICTWA\u00a0<\/strong><\/h3><ol><li>Warunkiem uzyskania statusu Uczestnika Konferencji Naukowej jest spe\u0142nienie \u0142\u0105cznie poni\u017cszych postanowie\u0144:<ol><li>wype\u0142nienie i wys\u0142anie formularza zg\u0142oszeniowego,<\/li><li>otrzymanie od Organizatora za pomoc\u0105 systemu online potwierdzenia rejestracji, w przypadku braku informacji potwierdzaj\u0105cej rejestracj\u0119 w ci\u0105gu 3 dni roboczych od momentu rejestracji uprasza si\u0119 o kontakt pod adresem mailowym:\u00a0 <a href=\"mailto:biuro@arsvitrea.pl\">biuro@arsvitrea.pl<\/a><\/li><li>je\u017celi Uczestnik wybra\u0142 us\u0142ugi dodatkowe w formularzu zg\u0142oszeniowym, to uiszczenie nale\u017cno\u015bci w terminie przewidzianym przez Organizatora.<br \/>W przypadku braku wniesienia nale\u017cno\u015bci nast\u0105pi automatyczne anulowanie us\u0142ug dodatkowych, o czym uczestnik zostanie poinformowany drog\u0105 mailow\u0105.<\/li><\/ol><\/li><li>Organizator zastrzega sobie prawo odrzucenia prawid\u0142owo wype\u0142nionego formularza zg\u0142oszeniowego bez podania przyczyny.<\/li><li>Wyr\u00f3\u017cnia si\u0119 <strong>trzy<\/strong> formy uczestnictwa w wydarzeniu:<ol><li><strong>udzia\u0142 bierny<\/strong> &#8211; Uczestnik, kt\u00f3ry spe\u0142ni\u0142 \u0142\u0105cznie wszystkie warunki uczestnictwa z \u00a72 pkt. 1, w ramach udzia\u0142u biernego przys\u0142uguje mu materia\u0142y konferencyjne, za\u015bwiadczenie potwierdzaj\u0105ce udzia\u0142 w konferencji; uczestnikiem biernym jest r\u00f3wnie\u017c osoba zarejestrowana na Konferencj\u0119 Naukow\u0105 b\u0119d\u0105ca wsp\u00f3\u0142autorem wyst\u0105pienia, ale nie prezentuj\u0105ca zg\u0142oszonej pracy;<\/li><li><strong>udzia\u0142 czynny<\/strong> &#8211; Uczestnik, kt\u00f3ry spe\u0142ni\u0142 \u0142\u0105cznie wszystkie warunki uczestnictwa z \u00a72 pkt. 1 oraz zg\u0142oszenie zosta\u0142o zaakceptowane przez Organizatora; uczestnik czynny ma mo\u017cliwo\u015b\u0107 wyg\u0142oszenia zg\u0142oszonego referatu naukowego lub komunikatu oraz publikacji artyku\u0142u naukowego, materia\u0142y konferencyjne, za\u015bwiadczenie potwierdzaj\u0105ce udzia\u0142 w konferencji i wyg\u0142oszenie referatu naukowego.<\/li><li><strong>udzia\u0142 czynny zdalny<\/strong> &#8211; Uczestnik, kt\u00f3ry spe\u0142ni\u0142 \u0142\u0105cznie wszystkie warunki uczestnictwa z \u00a72 pkt. 1 oraz zg\u0142oszenie zosta\u0142o zaakceptowane przez Organizatora; uczestnik czynny ma mo\u017cliwo\u015b\u0107 wyg\u0142oszenia zg\u0142oszonego referatu naukowego w trybie zdalnym za pomoc\u0105 ustalonego z Organizatorem narz\u0119dzia internetowego do prowadzenia wideokonferencji oraz publikacji artyku\u0142u naukowego, materia\u0142y konferencyjne, za\u015bwiadczenie potwierdzaj\u0105ce udzia\u0142 w konferencji i wyg\u0142oszenie referatu naukowego.<\/li><\/ol><\/li><li>Prace zg\u0142oszone na Konferencj\u0119 Naukow\u0105 (referaty naukowe \/ komunikaty) mog\u0105 mie\u0107 maksymalnie trzech autor\u00f3w, z czego tylko jeden z nich jest zobligowany do jej wyg\u0142oszenia w czasie Konferencji Naukowej.<\/li><li>Uczestnik jest zobowi\u0105zany do terminowej rejestracji tematu wyst\u0105pienia, terminowego naniesienia ewentualnych poprawek oraz zmian w pracy. Pe\u0142ne zg\u0142oszenie nast\u0119puje po otrzymaniu maila z informacj\u0105 o przyj\u0119ciu b\u0105d\u017a odrzuceniu tematu. W przypadku braku kontaktu mailowego w sprawie zg\u0142oszonego tematu w ci\u0105gu 7 dni od daty jego rejestracji, Uczestnik ma obowi\u0105zek skontaktowa\u0107 si\u0119 z Organizatorem w celu wyja\u015bnienia op\u00f3\u017anienia.<\/li><\/ol><h3 style=\"text-align: center;\"><strong>\u00a0<\/strong><strong>\u00a7 3 <\/strong><strong>ZASADY KONFERENCJI<\/strong><\/h3><ol><li>Organizator ustala plan Konferencji Naukowej oraz ma prawo dokonywania w nim zmian, nawet w dniu, w kt\u00f3rym odbywa si\u0119 wydarzenie, w tym ma prawo do zmian rozk\u0142adu czasowego i kolejno\u015bci wyst\u0105pie\u0144.<\/li><li>Organizator ma prawo wyboru zg\u0142oszonych temat\u00f3w i ich kwalifikacji do prezentacji w formie wyg\u0142oszenia referatu naukowego \/ komunikatu oraz nieprzyj\u0119cia zaproponowanego tematu.<\/li><li>Organizator ma prawo do rejestrowania wyst\u0105pie\u0144 uczestnik\u00f3w czynnych oraz ich p\u00f3\u017aniejszej publikacji na stronie internetowej www.arsvitrea.pl oraz powi\u0105zanych serwisach spo\u0142eczno\u015bciowych<\/li><li>Organizator nie ponosi odpowiedzialno\u015bci za rzeczy Uczestnik\u00f3w, kt\u00f3re mog\u0105 zosta\u0107 zgubione, zniszczone lub skradzione podczas Konferencji.<\/li><li>Uczestnik ponosi pe\u0142n\u0105 odpowiedzialno\u015b\u0107 za dokonane przez siebie zniszczenia na terenie obiekt\u00f3w, w kt\u00f3rych prowadzone s\u0105 dzia\u0142ania zwi\u0105zane z Konferencj\u0105 Naukow\u0105.<\/li><li>Uczestnik ponosi pe\u0142n\u0105 odpowiedzialno\u015b\u0107 za wszelkie materia\u0142y i informacje przedstawione przez niego, w tym za m.in. nazw\u0119\/logo, prezentacj\u0119, komunikat. Uczestnik ponosi r\u00f3wnie\u017c pe\u0142n\u0105 odpowiedzialno\u015b\u0107 za wszelkie wypowiedzi i prezentacje przedstawione podczas Konferencji Naukowej przez niego lub delegowane przez niego osoby.<\/li><li>Uczestnik zobowi\u0105zuje si\u0119 do przestrzegania zasad bezpiecze\u0144stwa, w tym ppo\u017c., jak r\u00f3wnie\u017c instrukcji oraz polece\u0144 organizacyjno-technicznych Organizatora.<\/li><\/ol><h3 style=\"text-align: center;\"><strong>\u00a7 4 <\/strong><strong>REZYGNACJA Z UDZIA\u0141U W KONFERENCJI NAUKOWEJ<\/strong><\/h3><ol><li>Rezygnacja przez Uczestnika z udzia\u0142u w Konferencji Naukowej mo\u017ce nast\u0105pi\u0107 wy\u0142\u0105cznie poprzez przes\u0142anie stosownej informacji na adres e-mail\u00a0<a href=\"mailto:biuro@arsvitrea.pl\">biuro@arsvitrea.pl<\/a><\/li><li>Op\u0142ata rejestracyjna oraz pozosta\u0142e op\u0142aty nie podlegaj\u0105 zwrotowi, z wykluczeniem sytuacji opisanych w \u00a72 pkt 2. oraz w \u00a74 pkt 3.<\/li><li>Ze wzgl\u0119du na zmian\u0119 terminu Konferencji Naukowej, w przypadku rezygnacji Uczestnika z udzia\u0142u nast\u0119pnym terminie, Organizator zobowi\u0105zuje si\u0119 do zwrotu op\u0142at dodatkowych w terminie do 14 dni od dnia zg\u0142oszenia.<\/li><\/ol><h3 style=\"text-align: center;\"><strong>\u00a7 5 WIZERUNEK<\/strong><\/h3><ol><li>Uczestnik o\u015bwiadcza, \u017ce wyra\u017ca zgod\u0119 na u\u017cywanie i rozpowszechnianie jego wizerunku przez Organizatora dla cel\u00f3w reklamowych, promocyjnych, marketingowych zwi\u0105zanych z dzia\u0142alno\u015bci\u0105 Organizatora.<\/li><li>Niniejsza zgoda nie jest ograniczona ani czasowo, ani terytorialnie i obejmuje wszelkie formy publikacji, w szczeg\u00f3lno\u015bci plakaty reklamowe, ulotki, drukowane materia\u0142y promocyjne, spoty telewizyjne, reklam\u0119 w gazetach i czasopismach oraz w Internecie itp.<\/li><li>Uczestnik zrzeka si\u0119 niniejszym wszelkich roszcze\u0144, w tym r\u00f3wnie\u017c o wynagrodzenie, z tytu\u0142u wykorzystywania jego wizerunku w zakresie sprecyzowanym w pkt. 2.<\/li><\/ol><h3 style=\"text-align: center;\"><strong>\u00a7 6 <\/strong><strong>OCHRONA DANYCH OSOBOWYCH<\/strong><\/h3><ol><li>Rejestruj\u0105c sw\u00f3j udzia\u0142 w Konferencji Naukowej, Uczestnik przekazuje swoje dane osobowe, kt\u00f3re wykorzystane zostan\u0105 wy\u0142\u0105cznie na potrzeby organizacji Konferencji Naukowej, a tak\u017ce dla cel\u00f3w wydawniczych i marketingowych, zwi\u0105zanych \u015bci\u015ble z Konferencj\u0105 Naukow\u0105 oraz akceptuje polityk\u0119 prywatno\u015bci Organizatora. Podanie danych jest dobrowolne, ale bez nich nie uda si\u0119 przes\u0142a\u0107 informacji organizacyjnych. Podstaw\u0105 przetwarzania danych jest zgoda, o kt\u00f3rej mowa w 6 ust. 1 lit. a Rozporz\u0105dzenia Parlamentu Europejskiego i Rady (UE) 2016\/679 z dnia 27 kwietnia 2016 r. (w skr\u00f3cie RODO).<\/li><li>Rejestruj\u0105c sw\u00f3j udzia\u0142 w Konferencji Naukowej, Uczestnik wyra\u017ca zgod\u0119 na utrwalenie swojego wizerunku podczas Konferencji Naukowej w postaci zdj\u0119\u0107, film\u00f3w i nagra\u0144 oraz na jego rozpowszechnianie w zwi\u0105zku z Konferencj\u0105 Naukow\u0105 na stronie internetowej Organizatora oraz na stronach powi\u0105zanych Organizatora w serwisach spo\u0142eczno\u015bciowych.<\/li><\/ol>\t\t\t\t\t\t\t\t<\/div>\n\t\t\t\t<\/div>\n\t\t\t\t<\/div>\n\t\t\t\t<\/div>\n\t\t","protected":false},"excerpt":{"rendered":"<p>Krak\u00f3w, dn. 11 lutego 2024 r. REGULAMIN UCZESTNICTWA w XII Konferencji Naukowej Stowarzyszenia Mi\u0142o\u015bnik\u00f3w Witra\u017cyArs Vitrea Polona \u201eWitra\u017ce wobec zagro\u017ce\u0144 i wyzwa\u0144 XXI wieku.\u201dTORU\u0143 18-20 PA\u0179DZIERNIKA 2024 \u00a7 1 POSTANOWIENIA OG\u00d3LNE Organizatorem i koordynatorem XII Konferencji Naukowej Stowarzyszenia Mi\u0142o\u015bnik\u00f3w Witra\u017cy Ars Vitrea Polona \u201eWitra\u017ce wobec zagro\u017ce\u0144 i wyzwa\u0144 XXI wieku\u201d (dalej Konferencja Naukowa) jest Stowarzyszenie [&hellip;]<\/p>\n","protected":false},"author":1,"featured_media":0,"parent":0,"menu_order":0,"comment_status":"closed","ping_status":"closed","template":"","meta":{"footnotes":""},"class_list":["post-2726","page","type-page","status-publish","hentry"],"_links":{"self":[{"href":"https:\/\/arsvitrea.pl\/index.php\/wp-json\/wp\/v2\/pages\/2726","targetHints":{"allow":["GET"]}}],"collection":[{"href":"https:\/\/arsvitrea.pl\/index.php\/wp-json\/wp\/v2\/pages"}],"about":[{"href":"https:\/\/arsvitrea.pl\/index.php\/wp-json\/wp\/v2\/types\/page"}],"author":[{"embeddable":true,"href":"https:\/\/arsvitrea.pl\/index.php\/wp-json\/wp\/v2\/users\/1"}],"replies":[{"embeddable":true,"href":"https:\/\/arsvitrea.pl\/index.php\/wp-json\/wp\/v2\/comments?post=2726"}],"version-history":[{"count":7,"href":"https:\/\/arsvitrea.pl\/index.php\/wp-json\/wp\/v2\/pages\/2726\/revisions"}],"predecessor-version":[{"id":4568,"href":"https:\/\/arsvitrea.pl\/index.php\/wp-json\/wp\/v2\/pages\/2726\/revisions\/4568"}],"wp:attachment":[{"href":"https:\/\/arsvitrea.pl\/index.php\/wp-json\/wp\/v2\/media?parent=2726"}],"curies":[{"name":"wp","href":"https:\/\/api.w.org\/{rel}","templated":true}]}}