{"id":1105,"date":"2010-12-27T22:01:22","date_gmt":"2010-12-27T21:01:22","guid":{"rendered":"http:\/\/www.stowarzyszenie-witrazy.pl\/?page_id=1105"},"modified":"2010-12-27T22:01:22","modified_gmt":"2010-12-27T21:01:22","slug":"statut-avp","status":"publish","type":"page","link":"https:\/\/arsvitrea.pl\/index.php\/statut-avp\/","title":{"rendered":"Statut AVP"},"content":{"rendered":"<h3 lang=\"pl-PL\" style=\"text-align: center;\" align=\"CENTER\"><strong>STATUT<\/strong><\/h3>\n<h3 lang=\"pl-PL\" style=\"text-align: center;\" align=\"CENTER\"><strong>STOWARZYSZENIA MI\u0141O\u015aNIK\u00d3W WITRA\u017bY<\/strong><\/h3>\n<h3 class=\"western\" lang=\"en-US\" style=\"text-align: center;\">\u201eARS VITREA POLONA\u201d<\/h3>\n<p lang=\"en-US\" align=\"CENTER\"><strong>ROZDZIA\u0141 I<\/strong><\/p>\n<p align=\"CENTER\"><span lang=\"pl-PL\"><strong>Postanowienia<\/strong><\/span><span lang=\"en-US\"><strong> og\u00f3lne<\/strong><\/span><\/p>\n<p lang=\"en-US\" align=\"CENTER\">\u00a7 1<\/p>\n<p lang=\"pl-PL\">Stowarzyszenie Mi\u0142o\u015bnik\u00f3w Witra\u017cy o nazwie \u201eArs Vitrea Polona\u201d, zwane dalej stowarzyszeniem jest dobrowolnym, samorz\u0105dnym, trwa\u0142ym zrzeszeniem.<\/p>\n<p lang=\"pl-PL\" align=\"CENTER\">\u00a7 2<\/p>\n<p lang=\"pl-PL\">Siedzib\u0105 Stowarzyszenia jest Krak\u00f3w. Stowarzyszenie swoim dzia\u0142aniem obejmuje obszar Rzeczypospolitej Polskiej. Dla w\u0142a\u015bciwego zrealizowania swych cel\u00f3w Stowarzyszenie mo\u017ce prowadzi\u0107 dzia\u0142alno\u015b\u0107 poza granicami Rzeczpospolitej Polskiej.<\/p>\n<p lang=\"pl-PL\" align=\"CENTER\">\u00a7 3<\/p>\n<p lang=\"pl-PL\">Stowarzyszeni dzia\u0142a na podstawie przepis\u00f3w ustawy Prawo o stowarzyszeniach (Dz.U. z 1989 r., nr 20, poz. 104 z p\u00f3\u017an. zm.) oraz niniejszego statutu i z tego tytu\u0142u posiada osobowo\u015b\u0107 prawn\u0105.<\/p>\n<p lang=\"pl-PL\" align=\"CENTER\">\u00a7 4<\/p>\n<p lang=\"pl-PL\">Stowarzyszenie mo\u017ce by\u0107 cz\u0142onkiem krajowych i zagranicznych organizacji o podobnym celu dzia\u0142ania.<\/p>\n<p lang=\"pl-PL\" align=\"CENTER\">\u00a7 5<\/p>\n<p lang=\"pl-PL\">Czas trwania Stowarzyszenia nie jest ograniczony.<\/p>\n<p lang=\"pl-PL\" align=\"CENTER\">\u00a7 6<\/p>\n<p lang=\"pl-PL\">Stowarzyszenie u\u017cywa piecz\u0119ci i znaku firmowego zgodnie z obowi\u0105zuj\u0105cymi przepisami.<\/p>\n<p lang=\"pl-PL\" style=\"text-align: center;\">\u00a0<strong>ROZDZIA\u0141 II<\/strong><\/p>\n<p lang=\"pl-PL\" align=\"CENTER\"><strong>\u015arodki i cele dzia\u0142ania<\/strong><\/p>\n<p lang=\"pl-PL\" align=\"CENTER\">\u00a7 7<\/p>\n<p lang=\"pl-PL\">Celem stowarzyszenia jest w szczeg\u00f3lno\u015bci:<\/p>\n<p lang=\"pl-PL\">&#8211; dzia\u0142anie na rzecz ochrony dziedzictwa sztuki witra\u017cowej i popularyzacji wiedzy na jej temat;<\/p>\n<p lang=\"pl-PL\">&#8211; wspomaganie i popieranie rozwoju wsp\u00f3\u0142czesnej sztuki witra\u017cowej w Polsce<\/p>\n<p lang=\"pl-PL\" align=\"CENTER\">\u00a7 8<\/p>\n<p lang=\"pl-PL\">Stowarzyszenie realizuje swe cele poprzez:<\/p>\n<ol>\n<li>\n<p lang=\"pl-PL\">dzia\u0142alno\u015b\u0107:<\/p>\n<\/li>\n<\/ol>\n<p lang=\"pl-PL\">&#8211; naukow\u0105<\/p>\n<p lang=\"pl-PL\">&#8211; popularyzatorsk\u0105<\/p>\n<p lang=\"pl-PL\">&#8211; edukacyjn\u0105<\/p>\n<p lang=\"pl-PL\">&#8211; wydawnicz\u0105<\/p>\n<p lang=\"pl-PL\">&#8211; organizacyjno-informacyjn\u0105<\/p>\n<p lang=\"pl-PL\">&#8211; gospodarcz\u0105, produkcyjn\u0105 i handlow\u0105<\/p>\n<p lang=\"pl-PL\">(powy\u017csze kierunki dzia\u0142a\u0144 winny by\u0107 zwi\u0105zane z realizacj\u0105 cel\u00f3w statutowych Stowarzyszenia);<\/p>\n<ol>\n<li><span lang=\"pl-PL\">dzia\u0142alno\u015b\u0107 integruj\u0105c\u0105 mi\u0142o\u015bnik\u00f3w sztuki witra\u017cowej wok\u00f3\u0142 cel\u00f3w statutowych;<\/span><\/li>\n<li>\n<p lang=\"pl-PL\">utrzymywanie kontakt\u00f3w i wymian\u0119 do\u015bwiadcze\u0144 z osobami i instytucjami o podobnych celach dzia\u0142ania w Polsce i zagranic\u0105.<\/p>\n<\/li>\n<\/ol>\n<p lang=\"pl-PL\" align=\"CENTER\">\u00a7 9<\/p>\n<p><span lang=\"pl-PL\">Stowarzyszenie dla realizacji swych statutowych cel\u00f3w mo\u017ce powo\u0142a\u0107 inne organizacje i instytucje w granicach prawem dopuszczonych.<\/span><\/p>\n<p lang=\"pl-PL\" align=\"CENTER\">\u00a7 10<\/p>\n<p lang=\"pl-PL\">Realizuj\u0105c powy\u017csze cele Stowarzyszenie opiera si\u0119 na spo\u0142ecznej pracy cz\u0142onk\u00f3w. Mo\u017ce jednak zatrudnia\u0107 pracownik\u00f3w do prowadzenia swych spraw.<\/p>\n<p style=\"text-align: center;\"><strong>ROZDZIA\u0141 III<\/strong><\/p>\n<p class=\"western\" lang=\"pl-PL\" style=\"text-align: center;\"><strong>Cz\u0142onkowie Stowarzyszenia, ich prawa i obowi\u0105zki<\/strong><\/p>\n<p lang=\"pl-PL\" align=\"CENTER\">\u00a0\u00a7 11<\/p>\n<p lang=\"pl-PL\">Cz\u0142onkowie Stowarzyszenia dziel\u0105 si\u0119 na:<\/p>\n<ol>\n<li>\n<p lang=\"pl-PL\">Zwyczajnych<\/p>\n<\/li>\n<li>\n<p lang=\"pl-PL\">Wspieraj\u0105cych<\/p>\n<\/li>\n<li>\n<p lang=\"pl-PL\">Honorowych<\/p>\n<\/li>\n<\/ol>\n<p lang=\"pl-PL\" align=\"CENTER\">\u00a7 12<\/p>\n<p><span lang=\"pl-PL\">Cz\u0142onkiem zwyczajnym <\/span><span lang=\"pl-PL\">mo\u017ce zosta\u0107 osoba fizyczna o pe\u0142nej zdolno\u015bci do czynno\u015bci prawnych, mieszkaj\u0105ca na terenie Rzeczpospolitej Polskiej lub poza jej granicami, kt\u00f3ra jest gotowa pe\u0142ni\u0107 zadania statutowe.<\/span><\/p>\n<p lang=\"pl-PL\" align=\"CENTER\">\u00a7 13<\/p>\n<p><span lang=\"pl-PL\">Cz\u0142onkiem wspieraj\u0105cym<\/span><span lang=\"pl-PL\"> mo\u017ce by\u0107 osoba fizyczna o pe\u0142nej zdolno\u015bci do czynno\u015bci prawnych oraz osoba w kraju lub poza jego granicami, popieraj\u0105ca dzia\u0142alno\u015b\u0107 Stowarzyszenia i op\u0142acaj\u0105ca sk\u0142adk\u0119 cz\u0142onkowsk\u0105 przewidzian\u0105 dla os\u00f3b wspieraj\u0105cych.<\/span><\/p>\n<p lang=\"pl-PL\" align=\"CENTER\">\u00a7 14<\/p>\n<p><span lang=\"pl-PL\">Cz\u0142onkiem honorowym<\/span><span lang=\"pl-PL\"> mo\u017ce by\u0107 osoba fizyczna o pe\u0142nej zdolno\u015bci do czynno\u015bci prawnych, szczeg\u00f3lnie zas\u0142u\u017cona dla tworzenia i ochrony d\u00f3br kultury oraz dla stowarzyszenia.<\/span><\/p>\n<p lang=\"pl-PL\" align=\"CENTER\">\u00a7 15<\/p>\n<p lang=\"pl-PL\">Kandydat na cz\u0142onka zwyczajnego jak i cz\u0142onka wspieraj\u0105cego (b\u0119d\u0105cy osob\u0105 fizyczn\u0105) winien przedstawi\u0107 rekomendacje przynajmniej dw\u00f3ch cz\u0142onk\u00f3w Stowarzyszenia oraz z\u0142o\u017cy\u0107 deklaracj\u0119 cz\u0142onkowsk\u0105. Cz\u0142onkostwo nabywa si\u0119 poprzez przyj\u0119cie kandydatury przez Zarz\u0105d Stowarzyszenia zwyk\u0142\u0105 wi\u0119kszo\u015bci\u0105 g\u0142os\u00f3w w drodze uchwa\u0142y.<\/p>\n<p lang=\"pl-PL\" align=\"CENTER\">\u00a7 16<\/p>\n<p lang=\"pl-PL\">Kandydatur\u0119 cz\u0142onka honorowego mo\u017ce zg\u0142osi\u0107 ka\u017cdy cz\u0142onek Stowarzyszenia. Cz\u0142onkostwo takie nabywa si\u0119 poprzez przyj\u0119cie kandydatury przez Walne Zebranie Cz\u0142onk\u00f3w bezwzgl\u0119dn\u0105 wi\u0119kszo\u015bci\u0105 g\u0142os\u00f3w.<\/p>\n<p lang=\"pl-PL\" align=\"CENTER\">\u00a7 17<\/p>\n<ol>\n<li>\n<p lang=\"pl-PL\">Osoby prawne mog\u0105 zosta\u0107 cz\u0142onkami wspieraj\u0105cymi poprzez z\u0142o\u017cenie o\u015bwiadczenia woli Zarz\u0105dowi Stowarzyszenia, kt\u00f3re przyjmuje kandydatur\u0119 zwyk\u0142\u0105 wi\u0119kszo\u015bci\u0105 g\u0142os\u00f3w w drodze uchwa\u0142y.<\/p>\n<\/li>\n<li>\n<p lang=\"pl-PL\">W takim samym trybie nast\u0119puje ustanie cz\u0142onkostwa wspieraj\u0105cego Stowarzyszenie.<\/p>\n<\/li>\n<li>\n<p lang=\"pl-PL\">Rodzaj wspierania Stowarzyszenia cz\u0142onkowie wspieraj\u0105cy ustal\u0105 z zarz\u0105dem Stowarzyszenia.<\/p>\n<\/li>\n<\/ol>\n<p lang=\"pl-PL\" align=\"CENTER\">\u00a7 18<\/p>\n<p lang=\"pl-PL\">Cz\u0142onkowi zwyczajnemu przys\u0142uguje:<\/p>\n<ol>\n<li>\n<p lang=\"pl-PL\">Czynne i bierne prawo wyborcze;<\/p>\n<\/li>\n<li>\n<p lang=\"pl-PL\">Wnioskowanie we wszystkich sprawach dotycz\u0105cych cel\u00f3w i funkcjonowania Stowarzyszenia;<\/p>\n<\/li>\n<li><span lang=\"pl-PL\">Posiadanie legitymacji i innych odznak Stowarzyszenia je\u015bli takimi dysponuje;<\/span><\/li>\n<li>\n<p lang=\"pl-PL\">Prawo do uczestniczenia w zebraniach, zjazdach, konferencjach, seminariach naukowych itp. organizowanych przez Stowarzyszenie;<\/p>\n<\/li>\n<li>\n<p lang=\"pl-PL\">Prawo do korzystania z lokali Stowarzyszenia;<\/p>\n<\/li>\n<li>\n<p lang=\"pl-PL\">Korzystanie z rekomendacji, gwarancji, opieki i wsparcia Stowarzyszenia;<\/p>\n<\/li>\n<li><span lang=\"pl-PL\">Korzystanie z urz\u0105dze\u0144 technicznych, poradnictwa i szkole\u0144 oraz innych mo\u017cliwo\u015bci jakie Stowarzyszenie stwarza swym cz\u0142onkom.<\/span><\/li>\n<\/ol>\n<p lang=\"pl-PL\">Prawa cz\u0142onk\u00f3w uj\u0119te w \u00a7 18 \u2013 4,5,6 i 7 okre\u015blone b\u0119d\u0105 dodatkowo zasadami ustalonymi przez zarz\u0105d.<\/p>\n<p lang=\"pl-PL\" align=\"CENTER\">\u00a7 19<\/p>\n<p><span lang=\"pl-PL\">Obowi\u0105zkiem cz\u0142onka Stowarzyszenia jest:<\/span><\/p>\n<ol>\n<li>\n<p lang=\"pl-PL\">Popieranie i czynne realizowanie cel\u00f3w Stowarzyszenia;<\/p>\n<\/li>\n<li>\n<p lang=\"pl-PL\">Dbanie o jego dobre imi\u0119;<\/p>\n<\/li>\n<li>\n<p lang=\"pl-PL\">Przestrzega\u0107 obowi\u0105zuj\u0105cego prawa o stowarzyszeniach, a tak\u017ce statutu Stowarzyszenia;<\/p>\n<\/li>\n<li>\n<p lang=\"pl-PL\">Stosowanie si\u0119 do postanowie\u0144 regulamin\u00f3w i uchwa\u0142 Stowarzyszenia;<\/p>\n<\/li>\n<li>\n<p lang=\"pl-PL\">Wp\u0142acanie wpisowego i regularne op\u0142acanie sk\u0142adek cz\u0142onkowskich.<\/p>\n<\/li>\n<\/ol>\n<p lang=\"pl-PL\" align=\"CENTER\">\u00a7 20<\/p>\n<p lang=\"pl-PL\">Postanowienie \u00a7 18 i \u00a7 19 stosuj\u0105 si\u0119 odpowiednio do cz\u0142onka honorowego, jednak\u017ce na cz\u0142onku honorowym nie ci\u0105\u017cy obowi\u0105zek p\u0142acenia wpisowego i sk\u0142adek.<\/p>\n<p lang=\"pl-PL\" align=\"CENTER\">\u00a7 21<\/p>\n<ol>\n<li>\n<p lang=\"pl-PL\">Cz\u0142onkowie wspieraj\u0105cy b\u0119d\u0105cy osobami prawnymi posiadaj\u0105 prawo uczestnictwa w walnym Zebraniu Stowarzyszenia z g\u0142osem doradczym.<\/p>\n<\/li>\n<li>\n<p lang=\"pl-PL\">Cz\u0142onkowie wspieraj\u0105cy dzia\u0142aj\u0105 w Stowarzyszeniu za po\u015brednictwem swego przedstawiciela.<\/p>\n<\/li>\n<\/ol>\n<p lang=\"pl-PL\" align=\"CENTER\">\u00a7 22<\/p>\n<p lang=\"pl-PL\">Skre\u015blenie z listy cz\u0142onk\u00f3w Stowarzyszenia nast\u0119puje przez:<\/p>\n<ol>\n<li>\n<p lang=\"pl-PL\">Rezygnacj\u0119 pisemn\u0105 z\u0142o\u017con\u0105 na r\u0119ce Zarz\u0105du.<\/p>\n<\/li>\n<li>\n<p lang=\"pl-PL\">Wykluczenie przez Zarz\u0105d<\/p>\n<ol>\n<li>\n<p lang=\"pl-PL\">za dzia\u0142alno\u015b\u0107 sprzeczn\u0105 ze statutem oraz uchwa\u0142ami Stowarzyszenia;<\/p>\n<\/li>\n<li>\n<p lang=\"pl-PL\">za niep\u0142acenie sk\u0142adek przez okres 1 roku, mimo pisemnego upomnienia;<\/p>\n<\/li>\n<li>\n<p lang=\"pl-PL\">utrat\u0119 praw publicznych;<\/p>\n<\/li>\n<li>\n<p lang=\"pl-PL\">na pisemny umotywowany wniosek co najmniej 10 cz\u0142onk\u00f3w Stowarzyszenia z przyczyn okre\u015blonych w 2a.<\/p>\n<\/li>\n<\/ol>\n<\/li>\n<li>\n<p lang=\"pl-PL\">\u015amier\u0107 cz\u0142onka<\/p>\n<\/li>\n<\/ol>\n<p lang=\"pl-PL\" align=\"CENTER\">\u00a7 23<\/p>\n<p lang=\"pl-PL\">Od uchwa\u0142y Zarz\u0105du w przedmiocie wykluczenia cz\u0142onkowi przys\u0142uguje prawo odwo\u0142ania do Walnego Zebrania cz\u0142onk\u00f3w. Uchwa\u0142a Walnego Zebrania jest ostateczna.<\/p>\n<p lang=\"pl-PL\" align=\"CENTER\"><strong><span lang=\"pl-PL\">ROZDZIA\u0141<\/span><span lang=\"pl-PL\"> IV<\/span><\/strong><\/p>\n<p class=\"western\" lang=\"pl-PL\" style=\"text-align: center;\"><strong>W\u0142adze Stowarzyszenia<\/strong><\/p>\n<p lang=\"pl-PL\" align=\"CENTER\">\u00a7 24<\/p>\n<p lang=\"pl-PL\" style=\"text-align: left;\" align=\"CENTER\">W\u0142adzami Stowarzyszenia s\u0105:<\/p>\n<ol>\n<li>\n<p lang=\"pl-PL\">Walne Zebranie cz\u0142onk\u00f3w<\/p>\n<\/li>\n<li>\n<p lang=\"pl-PL\">Zarz\u0105d<\/p>\n<\/li>\n<li>\n<p lang=\"pl-PL\">Komisja Rewizyjna<\/p>\n<\/li>\n<\/ol>\n<p lang=\"pl-PL\" align=\"CENTER\">\u00a7 25<\/p>\n<p lang=\"pl-PL\">Kadencja wszystkich w\u0142adz wybieralnych Stowarzyszenia trwa 4 lata.<\/p>\n<p lang=\"pl-PL\" align=\"CENTER\">\u00a7 26<\/p>\n<p lang=\"pl-PL\">Uchwa\u0142y wszystkich w\u0142adz wybieralnych zapadaj\u0105 zwyk\u0142\u0105 wi\u0119kszo\u015bci\u0105 g\u0142os\u00f3w przy obecno\u015bci co najmniej po\u0142owy cz\u0142onk\u00f3w uprawnionych do g\u0142osowania, je\u015bli dalsze postanowienia statutu nie stanowi\u0105 inaczej.<\/p>\n<p lang=\"pl-PL\" align=\"CENTER\">\u00a7 27<\/p>\n<p lang=\"pl-PL\">Najwy\u017csz\u0105 w\u0142adz\u0105 Stowarzyszenia jest Walne Zebranie Cz\u0142onk\u00f3w.<\/p>\n<ol>\n<li>\n<p lang=\"pl-PL\">Walne Zebranie zwo\u0142uje Zarz\u0105d co najmniej 1 raz na dwadzie\u015bcia cztery miesi\u0105ce lub cz\u0119\u015bciej na pisemny uzasadniony wniosek co najmniej 2 cz\u0142onk\u00f3w Komisji rewizyjnej, powiadamiaj\u0105c o jego terminie, miejscu i propozycjach porz\u0105dku obrad wszystkich cz\u0142onk\u00f3w listami poleconymi lub w ka\u017cdy inny skuteczny spos\u00f3b co najmniej 14 dni przed terminem rozpocz\u0119cia obrad.<\/p>\n<\/li>\n<li>\n<p lang=\"pl-PL\">W Walnym Zebraniu winna uczestniczy\u0107 co najmniej po\u0142owa cz\u0142onk\u00f3w uprawnionych do g\u0142osowania w pierwszym terminie, a w drugim terminie, kt\u00f3ry mo\u017ce by\u0107 wyznaczony o godzin\u0119 p\u00f3\u017aniej tego samego dnia \u2013 mo\u017ce ono skutecznie obradowa\u0107 bez wzgl\u0119du na liczb\u0119 uczestnik\u00f3w.<\/p>\n<\/li>\n<li>\n<p lang=\"pl-PL\">W Walnym Zebraniu mog\u0105 uczestniczy\u0107 cz\u0142onkowie zwyczajni i honorowi Stowarzyszenia, cz\u0142onkowie wspieraj\u0105cy (z g\u0142osem doradczym) oraz zaproszeni go\u015bcie.<\/p>\n<\/li>\n<li>\n<p lang=\"pl-PL\">Do kompetencji Walnego Zebrania nale\u017cy:<\/p>\n<ol>\n<li><span lang=\"pl-PL\">uchwalanie programu dzia\u0142ania Stowarzyszenia;<\/span><\/li>\n<li>\n<p lang=\"pl-PL\">rozpatrywanie i zatwierdzanie sprawozda\u0144 zarz\u0105du i Komisji Rewizyjnej;<\/p>\n<\/li>\n<li>\n<p lang=\"pl-PL\">uchwalanie regulaminu obrad walnego Zebrania;<\/p>\n<\/li>\n<li>\n<p lang=\"pl-PL\">udzielanie absolutorium ust\u0119puj\u0105cemu Zarz\u0105dowi;<\/p>\n<\/li>\n<li>\n<p lang=\"pl-PL\">wyb\u00f3r cz\u0142onk\u00f3w Zarz\u0105du i Komisji Rewizyjnej;<\/p>\n<\/li>\n<li><span lang=\"pl-PL\">uchwalanie zmian statutu;<\/span><\/li>\n<li>\n<p lang=\"pl-PL\">podejmowanie uchwa\u0142 w sprawie powo\u0142ywania przez Stowarzyszenie innych organizacji i instytucji;<\/p>\n<\/li>\n<li>\n<p lang=\"pl-PL\">podj\u0119cie uchwa\u0142y w sprawie rozwi\u0105zania Stowarzyszenia;<\/p>\n<\/li>\n<li>\n<p lang=\"pl-PL\">rozpatrywanie odwo\u0142a\u0144 od uchwa\u0142y Zarz\u0105du wniesionych przez cz\u0142onk\u00f3w Stowarzyszenia;<\/p>\n<\/li>\n<li><span lang=\"pl-PL\">rozpatrywanie skarg cz\u0142onk\u00f3w na dzia\u0142alno\u015b\u0107 Zarz\u0105du.<\/span><\/li>\n<\/ol>\n<\/li>\n<li>\n<p lang=\"pl-PL\">Uchwa\u0142y Walnego Zebrania zapadaj\u0105 zwyk\u0142\u0105 wi\u0119kszo\u015bci\u0105 g\u0142os\u00f3w cz\u0142onk\u00f3w.<\/p>\n<\/li>\n<li>\n<p lang=\"pl-PL\">Zmiana statutu, odwo\u0142anie Prezesa, cz\u0142onk\u00f3w Zarz\u0105du i Komisji Rewizyjnej oraz rozwi\u0105zanie Stowarzyszenia wymaga bezwzgl\u0119dnej wi\u0119kszo\u015bci przy obecno\u015bci po\u0142owy cz\u0142onk\u00f3w Stowarzyszenia w pierwszym terminie; w drugim terminie wym\u00f3g obecno\u015bci ponad po\u0142owy cz\u0142onk\u00f3w nie obowi\u0105zuje.<\/p>\n<\/li>\n<li>\n<p lang=\"pl-PL\">Ka\u017cdemu cz\u0142onkowi przys\u0142uguje jeden g\u0142os.<\/p>\n<\/li>\n<\/ol>\n<p lang=\"pl-PL\" align=\"CENTER\">\u00a7 28<\/p>\n<ol>\n<li>\n<p lang=\"pl-PL\">Zarz\u0105d sk\u0142ada si\u0119 z 6-9 cz\u0142onk\u00f3w wybranych przez Walne Zebranie.<\/p>\n<\/li>\n<li><span lang=\"pl-PL\">Z<\/span><span lang=\"pl-PL\">arz\u0105d sk\u0142ada si\u0119 z Prezesa, dw\u00f3ch Wiceprezes\u00f3w, Skarbnika, Sekretarza i 1-4 Cz\u0142onk\u00f3w Zarz\u0105du.<\/span><\/li>\n<li>\n<p lang=\"pl-PL\">Prezesa powo\u0142uje i odwo\u0142uje poprzez uchwa\u0142\u0119 Walne Zebranie na 4-letni\u0105 kadencj\u0119.<\/p>\n<\/li>\n<li>\n<p lang=\"pl-PL\">Zarz\u0105d konstytuuje si\u0119 na pierwszym po wyborach zebraniu.<\/p>\n<\/li>\n<li>\n<p lang=\"pl-PL\">Do kompetencji Zarz\u0105du nale\u017cy:<\/p>\n<\/li>\n<\/ol>\n<ol>\n<li>\n<ol>\n<li>\n<p lang=\"pl-PL\">przyjmowanie nowych cz\u0142onk\u00f3w Stowarzyszenia;<\/p>\n<\/li>\n<li>\n<p lang=\"pl-PL\">reprezentowanie Stowarzyszenia na zewn\u0105trz i dzia\u0142anie w jego imieniu;<\/p>\n<\/li>\n<li>\n<p lang=\"pl-PL\">kierowanie bie\u017c\u0105c\u0105 prac\u0105 Stowarzyszenia;<\/p>\n<\/li>\n<li>\n<p lang=\"pl-PL\">zwo\u0142ywanie Walnego Zebrania;<\/p>\n<\/li>\n<li>\n<p lang=\"pl-PL\">ustalanie wysoko\u015bci sk\u0142adek cz\u0142onkowskich.<\/p>\n<\/li>\n<\/ol>\n<\/li>\n<\/ol>\n<p lang=\"pl-PL\" align=\"CENTER\">\u00a7 29<\/p>\n<ol>\n<li><span lang=\"pl-PL\">Komisja Rewizyjna sk\u0142ada si\u0119 z 3-5 cz\u0142onk\u00f3w wybieranych przez Walne Zebranie.<\/span><\/li>\n<li>\n<p lang=\"pl-PL\">Komisja Rewizyjna sk\u0142ada si\u0119 z Przewodnicz\u0105cego, Wiceprzewodnicz\u0105cego i 1-3 cz\u0142onk\u00f3w.<\/p>\n<\/li>\n<li>\n<p lang=\"pl-PL\">Do kompetencji Komisji Rewizyjnej nale\u017cy:<\/p>\n<ol>\n<li>\n<p lang=\"pl-PL\">kontrola bie\u017c\u0105cej pracy Stowarzyszenia;<\/p>\n<\/li>\n<li>\n<p lang=\"pl-PL\">sk\u0142adanie wniosk\u00f3w w przedmiocie absolutorium na walnym Zebraniu;<\/p>\n<\/li>\n<li>\n<p lang=\"pl-PL\">wyst\u0119powanie z wnioskiem o zwo\u0142anie Walnego Zebrania.<\/p>\n<\/li>\n<\/ol>\n<\/li>\n<\/ol>\n<p lang=\"pl-PL\" align=\"CENTER\">\u00a7 30<\/p>\n<p lang=\"pl-PL\">W razie zmniejszenia si\u0119 sk\u0142adu Zarz\u0105du i Komisji Rewizyjnej w czasie trwania kadencji, uzupe\u0142nienie ich sk\u0142adu mo\u017ce nast\u0105pi\u0107 w drodze ich kooptacji. Kooptacji dokonuj\u0105 pozostali cz\u0142onkowie organu, kt\u00f3rego sk\u0142ad uleg\u0142 zmniejszeniu. W tym trybie powo\u0142a\u0107 mo\u017cna nie wi\u0119cej ni\u017c po\u0142ow\u0119 sk\u0142adu organu.<\/p>\n<p lang=\"pl-PL\" align=\"CENTER\">\u00a7 31<\/p>\n<ol>\n<li>\n<p lang=\"pl-PL\">Maj\u0105tek stowarzyszenia powstaje ze sk\u0142adek cz\u0142onkowskich, darowizn, spadk\u00f3w, zapis\u00f3w, dochod\u00f3w z w\u0142asnej dzia\u0142alno\u015bci oraz ofiarno\u015bci publicznej.<\/p>\n<\/li>\n<li>\n<p lang=\"pl-PL\">Funduszami i maj\u0105tkiem Stowarzyszenia zarz\u0105dza Zarz\u0105d.<\/p>\n<\/li>\n<li>\n<p lang=\"pl-PL\">Do reprezentowania oraz zawierania um\u00f3w, zaci\u0105gania zobowi\u0105za\u0144 wymagany jest podpis dw\u00f3ch cz\u0142onk\u00f3w zarz\u0105du, w tym Prezesa lub Wiceprezesa, Skarbnika lub Sekretarza.<\/p>\n<\/li>\n<\/ol>\n<p lang=\"pl-PL\" style=\"text-align: center;\">\u00a0\u00a7 32<\/p>\n<ol>\n<li>\n<p lang=\"pl-PL\">Stowarzyszenie rozwi\u0105zuje si\u0119 na podstawie uchwa\u0142y walnego Zebrania lub w innych przypadkach przewidzianych w przepisach prawa.<\/p>\n<\/li>\n<li>\n<p lang=\"pl-PL\">Podejmuj\u0105c uchwa\u0142\u0119 o rozwi\u0105zaniu Stowarzyszenia Walne Zebranie okre\u015bla spos\u00f3b jego likwidacji oraz przeznaczenie maj\u0105tku Stowarzyszenia.<\/p>\n<\/li>\n<li>\n<p lang=\"pl-PL\">W sprawach nie uregulowanych niniejszym statutem maj\u0105 zastosowanie przepisy Prawa o stowarzyszeniach.<\/p>\n<\/li>\n<\/ol>\n","protected":false},"excerpt":{"rendered":"<p>STATUT STOWARZYSZENIA MI\u0141O\u015aNIK\u00d3W WITRA\u017bY \u201eARS VITREA POLONA\u201d ROZDZIA\u0141 I Postanowienia og\u00f3lne \u00a7 1 Stowarzyszenie Mi\u0142o\u015bnik\u00f3w Witra\u017cy o nazwie \u201eArs Vitrea Polona\u201d, zwane dalej stowarzyszeniem jest dobrowolnym, samorz\u0105dnym, trwa\u0142ym zrzeszeniem. \u00a7 2 Siedzib\u0105 Stowarzyszenia jest Krak\u00f3w. Stowarzyszenie swoim dzia\u0142aniem obejmuje obszar Rzeczypospolitej Polskiej. Dla w\u0142a\u015bciwego zrealizowania swych cel\u00f3w Stowarzyszenie mo\u017ce prowadzi\u0107 dzia\u0142alno\u015b\u0107 poza granicami Rzeczpospolitej Polskiej. [&hellip;]<\/p>\n","protected":false},"author":1,"featured_media":0,"parent":0,"menu_order":0,"comment_status":"closed","ping_status":"closed","template":"","meta":{"footnotes":""},"class_list":["post-1105","page","type-page","status-publish","hentry"],"_links":{"self":[{"href":"https:\/\/arsvitrea.pl\/index.php\/wp-json\/wp\/v2\/pages\/1105","targetHints":{"allow":["GET"]}}],"collection":[{"href":"https:\/\/arsvitrea.pl\/index.php\/wp-json\/wp\/v2\/pages"}],"about":[{"href":"https:\/\/arsvitrea.pl\/index.php\/wp-json\/wp\/v2\/types\/page"}],"author":[{"embeddable":true,"href":"https:\/\/arsvitrea.pl\/index.php\/wp-json\/wp\/v2\/users\/1"}],"replies":[{"embeddable":true,"href":"https:\/\/arsvitrea.pl\/index.php\/wp-json\/wp\/v2\/comments?post=1105"}],"version-history":[{"count":0,"href":"https:\/\/arsvitrea.pl\/index.php\/wp-json\/wp\/v2\/pages\/1105\/revisions"}],"wp:attachment":[{"href":"https:\/\/arsvitrea.pl\/index.php\/wp-json\/wp\/v2\/media?parent=1105"}],"curies":[{"name":"wp","href":"https:\/\/api.w.org\/{rel}","templated":true}]}}